{"id":1694,"date":"2025-10-12T15:21:18","date_gmt":"2025-10-12T14:21:18","guid":{"rendered":"https:\/\/trasaar.saarland\/event\/?page_id=1694"},"modified":"2025-11-03T14:25:11","modified_gmt":"2025-11-03T13:25:11","slug":"landingpage-2025","status":"publish","type":"page","link":"https:\/\/trasaar.saarland\/event\/","title":{"rendered":"Landingpage 2025"},"content":{"rendered":"<div>\n<p>Das Saarland in der industriellen <br \/>Transformation \u2013<\/p>\n<p>Herausforderungen, Auswirkungen<\/p>\n<p>und Chancen<\/p>\n<\/div>\n<div>14.11.2025 I Aula Sulzbach<\/div>\n<div>\n<p>Wir laden Sie herzlich zu unserer Jahresveranstaltung ein.<br \/>Beginn: 13:00 Uhr (Einlass 12:00 Uhr)<\/p>\n<\/div>\n<div>\n<p>Das Transformationsnetzwerk TraSaar l\u00e4dt zur Jahresveranstaltung<br \/>Beginn: 14.00 Uhr (Einlass: 13.00 Uhr) mit anschlie\u00dfendem Get together<\/p>\n<\/div>\n<div>Jetzt anmelden!<\/div>\n<div>Jetzt anmelden!<\/div>\n<div>Jetzt anmelden!<\/div>\n<div>Das Projekt<\/div>\n<div>\n<p><strong>Das Saarland steht heute vor einer enormen wirtschaftlichen <\/strong><strong>Herausforderung. Die technologischen und gesellschaftlichen <\/strong><strong>Ver\u00e4nderungen durch sich \u00e4ndernde Energietr\u00e4ger und massive <\/strong><strong>Ver\u00e4nderungen bei der Mobilit\u00e4t beeinflussen Unternehmen, <\/strong><strong>Arbeitnehmer und Gesellschaft mit einer nie dagewesenen Dynamik. Insbesondere der Wandel vom Verbrennungsmotor hin zur <\/strong><strong>nachhaltigen, innovativen Mobilit\u00e4t wird zu massiven Ver\u00e4nderungen f\u00fchren. Damit das Saarland auch weiterhin ein attraktiver <\/strong><strong>Unternehmensstandort bleibt und Arbeitspl\u00e4tze erhalten werden <\/strong><strong>k\u00f6nnen, wurde das Projekt TraSaar ins Leben gerufen.<\/strong><\/p>\n<p><\/p>\n<p>Zu diesem Zwecke arbeiten die <span>Projektpartner Arbeitskammer des Saarlandes, autoregion e.V, IG Metall Transformationswerkstatt Saar, Ministerium f\u00fcr Arbeit, Soziales, Frauen und Gesundheit, Ministerium f\u00fcr Wirtschaft, Innovation, Digitales und Energie, IHK Saarland und ZeMA Zentrum f\u00fcr Mechatronik und Automatisierungstechnik<\/span>\u00a0eng mit ExpertInnen aus Forschung, Politik und Unternehmen zusammen, um Strategien und konkrete Ans\u00e4tze f\u00fcr die erfolgreiche Transformation unserer Region auf den Weg zu bringen.<\/p>\n<p><\/p>\n<p>Gef\u00f6rdert wird das Projekt, das bei der GeTS &#8211; Gesellschaft f\u00fcr Transformationsmanagement Saar &#8211; angesiedelt ist, mit 7,1 Mio. Euro durch das Bundesministerium f\u00fcr Wirtschaft und Energie. Als Projekttr\u00e4ger fungiert VDI\/VDE Innovation + Technik GmbH. Ausf\u00fchrliche Informationen zu unserem Projekt und den Partnern finden Sie auf der Webseite <a href=\"https:\/\/www.trasaar.saarland\">www.trasaar.saarland<\/a>.<\/p>\n<\/div>\n<div>\n<p style=\"font-weight: bold;\">Die saarl\u00e4ndische Wirtschaft, insbesondere die Automobil- und Zuliefererindustrie, befindet sich inmitten eines tiefgreifenden Transformationsprozesses. Da die saarl\u00e4ndische Automobilindustrie noch in hohem Ma\u00dfe vom Verbrennungsmotor abh\u00e4ngig ist, geht der grundlegende Umbruch mit enormen Auswirkungen auf die Unternehmen und deren Besch\u00e4ftigte einher. Um die Transformation in der Region voranzutreiben wurde das \u201eTransformationsnetzwerk TraSaar\u201c gegr\u00fcndet.<\/p>\n<p><\/p>\n<p>Zu diesem Zwecke arbeiten die Projektpartner Arbeitskammer des Saarlandes, autoregion e.V, IG Metall \u2013 Transformationswerkstatt Saar, IHK Saarland, Ministerium f\u00fcr Wirtschaft, Innovation, Digitales und Energie und ZeMa \u2013 Zentrum f\u00fcr Mechatronik und Automatisierungstechnik eng mit ExpertInnen aus Forschung, Politik und Unternehmen zusammen, um Strategien und konkrete Ans\u00e4tze f\u00fcr die erfolgreiche Transformation unserer Region auf den Weg zu bringen.\n<\/p>\n<p><\/p>\n<p>Gef\u00f6rdert wird das Projekt, das bei der GeTS \u2013 Gesellschaft f\u00fcr Transformationsmanagement angesiedelt ist, mit 7,1 Mio. Euro durch das Bundesministerium f\u00fcr Wirtschaft und Klimaschutz.\n<\/p>\n<p><\/p>\n<p>\nAls Projekttr\u00e4ger fungiert VDI\/VDE Innovation + Technik GmbH.<br \/>\nAusf\u00fchrliche Informationen zu unserem Projekt und den Partnern finden Sie auf unserer Website: <a href=\"https:\/\/trasaar.saarland\" target=\"_blank\">www.trasaar.saarland<\/a><\/p>\n<\/div>\n<div>Veranstaltung<\/div>\n<div>\n<p>Werfen Sie mit uns einen Blick in die Entwicklung des Wirtschaftsstandorts Saarland<br \/>und wie wir die aktuelle Transformation als Chance sehen k\u00f6nnen. Erfahren Sie von<br \/>Zukunftsforscher Jan Berger, wie wir Potentiale im Wandel der Industrie erkennen<br \/>und gemeinsam sowohl die wirtschaftliche als auch die gesellschaftliche<br \/>Transformation positiv gestalten k\u00f6nnen. Begleiten Sie die Podiumsdiskussion<br \/>gemeinsam mit Moderatorin Louisa Schlang und nutzen Sie die M\u00f6glichkeit, sich<br \/>beim anschlie\u00dfenden Get Together zu vernetzen.<\/p>\n<\/p>\n<p>Wir freuen uns, Sie am Freitag, 14.11.2025 in der Aula Sulzbach begr\u00fc\u00dfen zu d\u00fcrfen.<\/p>\n<\/div>\n<div>\n<p>Wagen Sie mit uns einen Blick in die Zukunft des Wirtschaftsstandorts Saarland. Informieren Sie sich \u00fcber aktuelle Entwicklungen der Automotive Branche in der Gro\u00dfregion und erfahren Sie von Wirtschaftspsychologen Prof. Dr. Carsten Schermuly, wie die Zukunft der Arbeit mit psychologischem Empowerment gestaltet werden kann. Erhalten Sie Einblicke in die Themen Wasserstoffwirtschaft und Leichtbau und nutzen Sie die Chance, sich beim anschlie\u00dfenden Get Together zu vernetzen.<\/p>\n<p><\/p>\n<p>Wir freuen uns, sie am Mittwoch, 25.09.2024 im Theater am Ring begr\u00fc\u00dfen zu d\u00fcrfen.<\/p>\n<\/div>\n<p><p>\n        <a href=\"#anmelden\">Jetzt Anmelden<\/a>\n    <\/p>\n<\/p>\n<p><p>\n        <a href=\"#anmelden_tablet\">Jetzt anmelden<\/a>\n    <\/p>\n<\/p>\n<p><p>\n        <a href=\"#anmelden_handy\">Jetzt anmelden<\/a>\n    <\/p>\n<\/p>\n<div>Ablauf Jahresveranstaltung<\/div>\n<div>12:00<\/div>\n<div>\n<p><strong>Einlass<\/strong><\/p>\n<p>Anmeldung und Markt der M\u00f6glichkeiten<\/p>\n<\/div>\n<hr>\n<div>13:00<\/div>\n<div>\n<p><strong>Er\u00f6ffnung und Begr\u00fc\u00dfung<\/strong><\/p>\n<p>Staatssekret\u00e4rin Bettina Altesleben, MASFG | Alexander Hauck, Gesch\u00e4ftsf\u00fchrer GeTS<\/p>\n<\/div>\n<hr>\n<div>13:20<\/div>\n<div>\n<p><strong>Das Projekt TraSaar: Fakten und Ergebnisse<\/strong><\/p>\n<p>R\u00fcckblick auf 4 Jahre TraSaar<\/p>\n<\/div>\n<hr>\n<div>13:45<\/div>\n<div>\n<p><b>Qualifizierung gestalten \u2013 Das Weiterbildungsportal als Instrument im Wandel<\/b><\/p>\n<p>Pr\u00e4sentation der Arbeitskammer<\/p>\n<\/div>\n<hr>\n<div>14:15<\/div>\n<div>\n<p><strong>Keynote \u201eVom Strukturwandel<\/strong><br \/><strong>zur Strukturmacht\u201c<\/strong><\/p>\n<p>Jan Berger, Gr\u00fcnder und CEO von Themis Foresight\/Berlin, Zukunftsforscher und Autor<\/p><\/div>\n<hr>\n<div>15:00<\/div>\n<div>\n<p><strong>Podiumsdiskussion<br \/><\/strong>Keyspeaker Jan Berger und weitere G\u00e4ste aus Wirtschaft und Politik. Moderation: Louisa Schlang<strong><br \/><\/strong><\/p>\n<\/div>\n<hr>\n<div>16:00<\/div>\n<div>\n<p><strong>M\u00f6glichkeit zur Vernetzung<br \/><\/strong>beim Get Together<\/p>\n<\/div>\n<div>Keyspeaker &amp; Moderatorin<\/div>\n<div>\n<p>        <img decoding=\"async\" src=\"\/event\/wp-content\/uploads\/2025\/10\/jan_berger_BAG.jpg\" alt=\"\"><\/p>\n<h3>Keyspeaker Jan Berger<\/h3>\n<p>Gr\u00fcnder und CEO von Themis Foresight\/Berlin, Zukunftsforscher und Autor<\/p>\n<\/div>\n<div>\n<p>        <img decoding=\"async\" src=\"\/event\/wp-content\/uploads\/2025\/10\/TraSaar_Foto_Louisa-Schlang-scaled.jpg\" alt=\"\"><\/p>\n<h3>Moderatorin Louisa Schlang<\/h3>\n<p>ausgezeichnet als beste Nachwuchsmoderatorin 2022 bundesweit<\/p>\n<\/div>\n<h2>Location<\/h2>\n<hr>\n<div>\n<p><span style=\"font-weight: bold;\">Aula Sulzbach<\/span> <br \/>G\u00e4rtnerstra\u00dfe 12<\/p>\n<p>66280 Sulzbach\/Saar<br \/><span style=\"font-weight: bold;\"><a href=\"https:\/\/www.google.com\/maps\/dir\/49.627136,8.6081536\/Aula+Sulzbach,+G%C3%A4rtnerstra%C3%9Fe+12,+66280+Sulzbach%2FSaar\/@49.4276942,7.5309473,10z\/data=!3m1!5s0x4795a86047b48693:0x82fce325610ed0b6!4m9!4m8!1m1!4e1!1m5!1m1!1s0x4795b79ae26937a7:0xb55716999cd60022!2m2!1d7.0586876!2d49.3003825?entry=ttu&#038;g_ep=EgoyMDI1MTAwOC4wIKXMDSoASAFQAw%3D%3D\" target=\"_blank\" rel=\"noopener\">Anfahrtsskizze \u00f6ffnen<\/a><\/span><\/p>\n<\/div>\n<p><img decoding=\"async\" src=\"\/event\/wp-content\/uploads\/2025\/10\/Aula-Sulzbach.jpg\" alt=\"location_comp\"><\/p>\n<div>Partner<\/div>\n<ul>\n<li>\n<p>        <img decoding=\"async\" src=\"\/event\/wp-content\/uploads\/2023\/03\/autoregion_4c_neg-1.svg\" alt=\"autoregion_4c_neg 1\"><\/p>\n<\/li>\n<li>\n<p>        <img decoding=\"async\" src=\"\/event\/wp-content\/uploads\/2023\/03\/AK_Logo_2016_4c_neg-1.svg\" alt=\"AK_Logo_2016_4c_neg 1\"><\/p>\n<\/li>\n<li>\n<p>        <img decoding=\"async\" src=\"\/event\/wp-content\/uploads\/2023\/03\/TWS-Saar-Logo-Auswahl_neg-1.svg\" alt=\"TWS Saar Logo Auswahl_neg 1\"><\/p>\n<\/li>\n<li>\n<p>        <img decoding=\"async\" src=\"\/event\/wp-content\/uploads\/2023\/03\/GETS-Logo-RGB-weiss-mit-1.svg\" alt=\"GETS Logo RGB weiss mit 1\"><\/p>\n<\/li>\n<li>\n<p>        <img decoding=\"async\" src=\"\/event\/wp-content\/uploads\/2023\/03\/IHKSaarland_neg-1.png\" alt=\"IHKSaarland_neg 1\"><\/p>\n<\/li>\n<li>\n<p>        <img decoding=\"async\" src=\"\/event\/wp-content\/uploads\/2023\/03\/ZeMA-Logo-Unterzeile_neg-1.png\" alt=\"ZeMA-Logo-Unterzeile_neg 1\"><\/p>\n<\/li>\n<li>\n<p>        <img decoding=\"async\" src=\"\/event\/wp-content\/uploads\/2023\/03\/Ministerium-MWIDE-neg-01-1.png\" alt=\"Ministerium MWIDE neg-01 1\"><\/p>\n<\/li>\n<li>\n<p>        <img decoding=\"async\" src=\"\/event\/wp-content\/uploads\/2025\/11\/MinisteriumfuerSoziales.png\" alt=\"Ministerium fuer Arbeit, Soziales, Frauen und Gesundheit\"><\/p>\n<\/li>\n<li>\n<p>        <img decoding=\"async\" src=\"\/event\/wp-content\/uploads\/2023\/03\/VDI-VDE-IT-LOGO_weiss-1.png\" alt=\"VDI-VDE-IT-LOGO_weiss 1\"><\/p>\n<\/li>\n<\/ul>\n<ul>\n<li>\n<p>        <img decoding=\"async\" src=\"\/event\/wp-content\/uploads\/2023\/03\/autoregion_4c_neg-1.svg\" alt=\"autoregion_4c_neg 1\"><\/p>\n<\/li>\n<li>\n<p>        <img decoding=\"async\" src=\"\/event\/wp-content\/uploads\/2023\/03\/AK_Logo_2016_4c_neg-1.svg\" alt=\"AK_Logo_2016_4c_neg 1\"><\/p>\n<\/li>\n<li>\n<p>        <img decoding=\"async\" src=\"\/event\/wp-content\/uploads\/2023\/03\/TWS-Saar-Logo-Auswahl_neg-1.svg\" alt=\"TWS Saar Logo Auswahl_neg 1\"><\/p>\n<\/li>\n<li>\n<p>        <img decoding=\"async\" src=\"\/event\/wp-content\/uploads\/2023\/03\/GETS-Logo-RGB-weiss-mit-1.svg\" alt=\"GETS Logo RGB weiss mit 1\"><\/p>\n<\/li>\n<li>\n<p>        <img decoding=\"async\" src=\"\/event\/wp-content\/uploads\/2023\/03\/IHKSaarland_neg-1.png\" alt=\"IHKSaarland_neg 1\"><\/p>\n<\/li>\n<li>\n<p>        <img decoding=\"async\" src=\"\/event\/wp-content\/uploads\/2023\/03\/ZeMA-Logo-Unterzeile_neg-1.png\" alt=\"ZeMA-Logo-Unterzeile_neg 1\"><\/p>\n<\/li>\n<li>\n<p>        <img decoding=\"async\" src=\"\/event\/wp-content\/uploads\/2023\/03\/Ministerium-MWIDE-neg-01-1.png\" alt=\"Ministerium MWIDE neg-01 1\"><\/p>\n<\/li>\n<li>\n<p>        <img decoding=\"async\" src=\"\/event\/wp-content\/uploads\/2025\/11\/MinisteriumfuerSoziales.png\" alt=\"ZeMA-Logo-Unterzeile_neg 1\"><\/p>\n<\/li>\n<li>\n<p>        <img decoding=\"async\" src=\"\/event\/wp-content\/uploads\/2023\/03\/VDI-VDE-IT-LOGO_weiss-1.png\" alt=\"VDI-VDE-IT-LOGO_weiss 1\"><\/p>\n<\/li>\n<\/ul>\n<p><img decoding=\"async\" src=\"\/event\/wp-content\/uploads\/2025\/10\/Bundesministerium-fuer-Wirtschaft-und-Energie_idVhOFDXVY_0.png\" alt=\"Darstellung des Logos des Bundesministerium fu\u0308r Wirtschaft und Energie\"><\/p>\n<p><!--more--><br \/>\n<!-- {\"type\":\"layout\",\"children\":[{\"name\":\"Video\",\"type\":\"section\",\"props\":{\"animation\":\"slide-top-small\",\"header_transparent\":true,\"header_transparent_text_color\":\"dark\",\"image_effect\":\"parallax\",\"image_loading\":true,\"image_parallax_bgy\":\"0,500\",\"image_parallax_breakpoint\":\"m\",\"image_parallax_easing\":\"1\",\"image_position\":\"center-center\",\"media_visibility\":\"s\",\"padding\":\"xsmall\",\"padding_remove_bottom\":true,\"padding_remove_top\":false,\"status\":\"disabled\",\"style\":\"muted\",\"title_breakpoint\":\"xl\",\"title_position\":\"top-left\",\"title_rotation\":\"left\",\"vertical_align\":\"\",\"width\":\"xlarge\"},\"children\":[{\"type\":\"row\",\"children\":[{\"type\":\"column\",\"props\":{\"image_position\":\"center-center\",\"position_sticky_breakpoint\":\"m\",\"width_medium\":\"1-1\"},\"children\":[{\"type\":\"video\",\"props\":{\"margin\":\"remove-vertical\",\"video\":\"wp-content\\\/uploads\\\/2023\\\/03\\\/TraSaar_Jahresveranstaltung_Einladung_16zu9.mov\",\"video_controls\":true,\"video_poster\":\"wp-content\\\/uploads\\\/2023\\\/03\\\/thumbnail-video.png\",\"video_width\":\"100%\"}}]}]}]},{\"name\":\"Header\",\"type\":\"section\",\"props\":{\"header_transparent\":true,\"header_transparent_text_color\":\"dark\",\"image_effect\":\"parallax\",\"image_loading\":true,\"image_parallax_bgy\":\"0,500\",\"image_parallax_breakpoint\":\"m\",\"image_parallax_easing\":\"1\",\"image_position\":\"center-center\",\"image_size\":\"cover\",\"media_visibility\":\"s\",\"padding_remove_top\":false,\"style\":\"default\",\"text_color\":\"light\",\"title_breakpoint\":\"xl\",\"title_position\":\"top-left\",\"title_rotation\":\"left\",\"vertical_align\":\"\",\"width\":\"\"},\"children\":[{\"type\":\"row\",\"children\":[{\"type\":\"column\",\"props\":{\"image\":\"wp-content\\\/uploads\\\/2023\\\/03\\\/bg-header-large-scaled.jpg\",\"image_position\":\"center-center\",\"image_size\":\"cover\",\"padding\":\"large\",\"position_sticky_breakpoint\":\"m\",\"text_color\":\"light\",\"vertical_align\":\"middle\"},\"children\":[{\"type\":\"headline\",\"props\":{\"content\":\"\n\n<p>Das Saarland in der industriellen <br \\\/>Transformation \\u2013<\\\/p>\\n\n\n<p>Herausforderungen, Auswirkungen<\\\/p>\\n\n\n<p>und Chancen<\\\/p>\",\"css\":\"@media (min-width: 720px) {\\n    .el-element {\\nfont-weight: 700;\\ntext-transform: none;\\npadding-left: 50px;\\n    padding-right: 50px;\\n}\\n}\\n@media (max-width: 719px) {\\n    .el-element {\\nfont-weight: 700;\\ntext-transform: none;\\n    }}\",\"title_element\":\"div\",\"title_style\":\"heading-medium\"}},{\"type\":\"headline\",\"props\":{\"content\":\"14.11.2025 I Aula Sulzbach\",\"css\":\"@media (min-width: 720px) {\\n    .el-element {\\n\\npadding-left: 50px;\\n    padding-right: 50px;\\n}\\n}\\n@media (max-width: 719px) {\\n    .el-element {\\n    font-size: 25px;\\n    }\\n}\",\"margin\":\"default\",\"margin_remove_top\":false,\"title_element\":\"div\",\"title_style\":\"h1\"}},{\"type\":\"text\",\"props\":{\"block_align\":\"center\",\"class\":\"uk-visible@m\",\"column_breakpoint\":\"m\",\"content\":\"\n\n<p>Wir laden Sie herzlich zu unserer Jahresveranstaltung ein.<br \\\/>Beginn: 13:00 Uhr (Einlass 12:00 Uhr)<\\\/p>\",\"css\":\"\\n@media (min-width: 720px) {\\n    .el-element {\\nfont-weight: 700;\\n\\npadding-left: 50px;\\n    padding-right: 50px;\\n}\\n}\\n@media (max-width: 719px) {\\n    .el-element {\\nfont-weight: 700;\\n\\n    }}\",\"margin\":\"default\",\"text_style\":\"large\"}},{\"type\":\"text\",\"props\":{\"block_align\":\"center\",\"class\":\"uk-hidden@m\",\"column_breakpoint\":\"m\",\"content\":\"\n\n<p>Das Transformationsnetzwerk TraSaar l\\u00e4dt zur Jahresveranstaltung<br \\\/>Beginn: 14.00 Uhr (Einlass: 13.00 Uhr) mit anschlie\\u00dfendem Get together<\\\/p>\",\"css\":\"\\n@media (min-width: 720px) {\\n    .el-element {\\nfont-weight: 700;\\n\\npadding-left: 50px;\\n    padding-right: 50px;\\n}\\n}\\n@media (max-width: 719px) {\\n    .el-element {\\nfont-weight: 700;\\n\\n    }}\",\"margin\":\"default\"}}]}],\"props\":{\"width\":\"xlarge\"}}]},{\"type\":\"section\",\"props\":{\"class\":\"uk-visible@l\",\"css\":\".textlink {\\ncolor:#fff; text-decoration: underline; font-weight: 600;\\n}\\n\\n.textlink:hover {\\ncolor:#fff; text-decoration: none; font-weight: 600;\\n}\",\"id\":\"anmelden\",\"image_position\":\"center-center\",\"preserve_color\":true,\"style\":\"primary\",\"title_breakpoint\":\"xl\",\"title_position\":\"top-left\",\"title_rotation\":\"left\",\"vertical_align\":\"\",\"width\":\"xlarge\",\"yooessentials_form\":{\"state\":true,\"html5validation\":true,\"override_action_url\":false,\"action_method\":\"POST\",\"after_submit_actions\":[{\"type\":\"email\",\"props\":{\"attachments\":[null],\"submitted_attachments\":[null],\"name\":\"Anmeldung\",\"subject\":\"Anmeldung Veranstaltung TraSaar 25\",\"recipients\":\"ds@weltenundwunder.de, cs@weltenundwunder.de\",\"body\":\"\n\n<p>Name: {name}, Vorname: {vorname}<\\\/p>\\n\n\n<p>E-Mail: {mail}<\\\/p>\\n\n\n<p>Funktion: {funktion}<\\\/p>\\n\n\n<p>Untern. \\\/ Inst. \\\/ Netzwerkpartner: {untern}<\\\/p>\\n\n\n<p>Stra\\u00dfe: {strasse}, Hausnr.: {hausnr}<\\\/p>\\n\n\n<p>PLZ: {plz}, Ort: {ort}<\\\/p>\",\"html\":true},\"id\":\"64070a40316cf\"},{\"type\":\"email\",\"props\":{\"attachments\":[null],\"submitted_attachments\":[null],\"name\":\"Best\\u00e4tigung\",\"body\":\"\n\n<p>Vielen Dank f\\u00fcr Ihre Registrierung! Sie sind f\\u00fcr die TraSaar Jahresveranstaltung 2025 angemeldet. Wir freuen uns, Sie bei der Veranstaltung begr\\u00fc\\u00dfen zu d\\u00fcrfen!<\\\/p>\\n\n\n<p><\\\/p>\\n\n\n<p>Name: {name}, Vorname: {vorname}<\\\/p>\\n\n\n<p>E-Mail: {mail}<\\\/p>\\n\n\n<p>Funktion: {funktion}<\\\/p>\\n\n\n<p>Untern. \\\/ Inst. \\\/ Netzwerkpartner: {untern}<\\\/p>\\n\n\n<p>Stra\\u00dfe: {strasse}, Hausnr.: {hausnr}<\\\/p>\\n\n\n<p>PLZ: {plz}, Ort: {ort}<\\\/p>\",\"html\":true,\"subject\":\"Ihre Registrierung zur TraSaar Jahresveranstaltung am 14.11.2025\",\"recipients\":\"{mail}\"},\"id\":\"64070a40316d0\"},{\"type\":\"message\",\"props\":{\"content\":\"\n\n<p>Vielen Dank f\\u00fcr Ihre Registrierung! Sie sind f\\u00fcr die TraSaar Jahresveranstaltung 2025 angemeldet. Wir freuen uns, Sie bei der Veranstaltung begr\\u00fc\\u00dfen zu d\\u00fcrfen!<\\\/p>\\n\n\n<p><\\\/p>\\n\n\n<p>Name: {name}, Vorname: {vorname}<\\\/p>\\n\n\n<p>E-Mail: {mail}<\\\/p>\\n\n\n<p>Funktion: {funktion}<\\\/p>\\n\n\n<p>Untern. \\\/ Inst. \\\/ Netzwerkpartner: {untern}<\\\/p>\\n\n\n<p>Stra\\u00dfe: {strasse}, Hausnr.: {hausnr}<\\\/p>\\n\n\n<p>PLZ: {plz}, Ort: {ort}<\\\/p>\",\"name\":\"Message\",\"yooessentials_access_conditions\":[],\"yooessentials_access_mode\":\"AND\"},\"id\":\"64070a40316d1\"},{\"id\":\"9003C1\",\"type\":\"save-csv\",\"props\":{\"content\":[{\"id\":\"name\",\"props\":{\"status\":\"\"},\"source_extended\":{\"props\":{\"value\":{\"filters\":{\"search\":\"\"},\"name\":\"name\",\"query\":{\"name\":\"yooessentials_form_query\"}}}}},{\"id\":\"vorname\",\"props\":{\"status\":\"\"},\"source_extended\":{\"props\":{\"value\":{\"filters\":{\"search\":\"\"},\"name\":\"vorname\",\"query\":{\"name\":\"yooessentials_form_query\"}}}}},{\"id\":\"mail\",\"props\":{\"status\":\"\"},\"source_extended\":{\"props\":{\"value\":{\"filters\":{\"search\":\"\"},\"name\":\"mail\",\"query\":{\"name\":\"yooessentials_form_query\"}}}}},{\"id\":\"funktion\",\"props\":{\"status\":\"\"},\"source_extended\":{\"props\":{\"value\":{\"filters\":{\"search\":\"\"},\"name\":\"funktion\",\"query\":{\"name\":\"yooessentials_form_query\"}}}}},{\"id\":\"untern\",\"props\":{\"status\":\"\"},\"source_extended\":{\"props\":{\"value\":{\"filters\":{\"search\":\"\"},\"name\":\"untern\",\"query\":{\"name\":\"yooessentials_form_query\"}}}}},{\"id\":\"strasse\",\"props\":{\"status\":\"\"},\"source_extended\":{\"props\":{\"value\":{\"filters\":{\"search\":\"\"},\"name\":\"strasse\",\"query\":{\"name\":\"yooessentials_form_query\"}}}}},{\"id\":\"hausnr\",\"props\":{\"status\":\"\"},\"source_extended\":{\"props\":{\"value\":{\"filters\":{\"search\":\"\"},\"name\":\"hausnr\",\"query\":{\"name\":\"yooessentials_form_query\"}}}}},{\"id\":\"plz\",\"props\":{\"status\":\"\"},\"source_extended\":{\"props\":{\"value\":{\"filters\":{\"search\":\"\"},\"name\":\"plz\",\"query\":{\"name\":\"yooessentials_form_query\"}}}}},{\"id\":\"ort\",\"props\":{\"status\":\"\"},\"source_extended\":{\"props\":{\"value\":{\"filters\":{\"search\":\"\"},\"name\":\"ort\",\"query\":{\"name\":\"yooessentials_form_query\"}}}}}],\"file\":\"wp-content\\\/uploads\\\/2025\\\/10\\\/Registrierungen-2025.csv\"}}],\"reset_after_submit\":true}},\"children\":[{\"type\":\"row\",\"children\":[{\"type\":\"column\",\"props\":{\"image_position\":\"center-center\",\"position_sticky_breakpoint\":\"m\"},\"children\":[{\"type\":\"headline\",\"props\":{\"content\":\"Jetzt anmelden!\",\"css\":\".el-element {\\ncolor: #fff;\\n}\",\"title_element\":\"div\",\"title_style\":\"h1\"}}]}]},{\"type\":\"row\",\"children\":[{\"type\":\"column\",\"props\":{\"image_position\":\"center-center\",\"position_sticky_breakpoint\":\"m\",\"width_large\":\"1-4\",\"width_medium\":\"1-2\",\"width_small\":\"1-2\",\"yooessentials_form\":{\"state\":false,\"html5validation\":true,\"after_submit_actions\":[],\"override_action_url\":false,\"action_method\":\"POST\"}},\"children\":[{\"type\":\"yooessentials_form_input\",\"props\":{\"control_icon_align\":\"left\",\"control_width\":\"large\",\"fullwidth\":false,\"grid_column_gap\":\"small\",\"grid_columns_number\":\"auto\",\"grid_row_gap\":\"small\",\"margin\":\"default\",\"show_icon\":true,\"show_label\":true},\"children\":[{\"type\":\"yooessentials_form_input_text\",\"props\":{\"control_id_inherit\":true,\"control_name\":\"name\",\"control_placeholder\":\"Name\",\"control_required\":true}}]}],\"formid\":\"045165b0\"},{\"type\":\"column\",\"props\":{\"image_position\":\"center-center\",\"position_sticky_breakpoint\":\"m\",\"width_large\":\"1-4\",\"width_medium\":\"1-2\",\"width_small\":\"1-2\",\"yooessentials_form\":{\"state\":false}},\"children\":[{\"type\":\"yooessentials_form_input\",\"props\":{\"control_icon_align\":\"left\",\"control_width\":\"large\",\"fullwidth\":false,\"grid_column_gap\":\"small\",\"grid_columns_number\":\"auto\",\"grid_row_gap\":\"small\",\"margin\":\"default\",\"show_icon\":true,\"show_label\":true},\"children\":[{\"type\":\"yooessentials_form_input_text\",\"props\":{\"control_id_inherit\":true,\"control_name\":\"vorname\",\"control_placeholder\":\"Vorname\",\"control_required\":true}}]}],\"formid\":\"1d4a54f1\"},{\"type\":\"column\",\"props\":{\"image_position\":\"center-center\",\"position_sticky_breakpoint\":\"m\",\"width_large\":\"1-4\",\"width_medium\":\"1-2\",\"width_small\":\"1-2\",\"yooessentials_form\":{\"state\":false}},\"children\":[{\"type\":\"yooessentials_form_input\",\"props\":{\"control_icon_align\":\"left\",\"control_width\":\"large\",\"fullwidth\":false,\"grid_column_gap\":\"small\",\"grid_columns_number\":\"auto\",\"grid_row_gap\":\"small\",\"margin\":\"default\",\"show_icon\":true,\"show_label\":true},\"children\":[{\"type\":\"yooessentials_form_input_email\",\"props\":{\"control_icon_align\":\"left\",\"control_id_inherit\":true,\"control_name\":\"mail\",\"control_placeholder\":\"E-Mail-Adresse\",\"control_required\":true}}]}],\"formid\":\"36670732\"},{\"type\":\"column\",\"props\":{\"image_position\":\"center-center\",\"position_sticky_breakpoint\":\"m\",\"width_large\":\"1-4\",\"width_medium\":\"1-2\",\"width_small\":\"1-2\",\"yooessentials_form\":{\"state\":false}},\"children\":[{\"type\":\"yooessentials_form_input\",\"props\":{\"control_icon_align\":\"left\",\"control_width\":\"large\",\"fullwidth\":false,\"grid_column_gap\":\"small\",\"grid_columns_number\":\"auto\",\"grid_row_gap\":\"small\",\"margin\":\"default\",\"show_icon\":true,\"show_label\":true},\"children\":[{\"type\":\"yooessentials_form_input_text\",\"props\":{\"control_id_inherit\":true,\"control_name\":\"funktion\",\"control_placeholder\":\"Funktion\",\"control_required\":true}}]}],\"formid\":\"2f7c3673\"}],\"props\":{\"column_gap\":\"small\",\"layout\":\"1-4,1-4,1-4,1-4|1-2,1-2,1-2,1-2\",\"margin\":\"default\",\"margin_remove_bottom\":true,\"row_gap\":\"collapse\"}},{\"type\":\"row\",\"children\":[{\"type\":\"column\",\"props\":{\"image_position\":\"center-center\",\"position_sticky_breakpoint\":\"m\",\"width_large\":\"1-4\",\"width_medium\":\"1-2\",\"width_small\":\"1-2\",\"yooessentials_form\":{\"state\":false,\"html5validation\":true,\"after_submit_actions\":[],\"override_action_url\":false,\"action_method\":\"POST\"}},\"children\":[{\"type\":\"yooessentials_form_input\",\"props\":{\"control_icon_align\":\"left\",\"control_width\":\"large\",\"fullwidth\":false,\"grid_column_gap\":\"small\",\"grid_columns_number\":\"auto\",\"grid_row_gap\":\"small\",\"margin\":\"default\",\"show_icon\":true,\"show_label\":true},\"children\":[{\"type\":\"yooessentials_form_input_text\",\"props\":{\"control_id_inherit\":true,\"control_name\":\"untern\",\"control_placeholder\":\"Untern. \\\/ Inst. \\\/ Netzwerkpartner\",\"control_required\":true}}]}],\"formid\":\"045165b0\"},{\"type\":\"column\",\"props\":{\"image_position\":\"center-center\",\"position_sticky_breakpoint\":\"m\",\"width_large\":\"1-4\",\"width_medium\":\"1-2\",\"width_small\":\"1-2\",\"yooessentials_form\":{\"state\":false}},\"children\":[{\"type\":\"yooessentials_form_input\",\"props\":{\"control_icon_align\":\"left\",\"control_width\":\"large\",\"fullwidth\":false,\"grid_column_gap\":\"small\",\"grid_columns_number\":\"auto\",\"grid_row_gap\":\"small\",\"margin\":\"default\",\"show_icon\":true,\"show_label\":true},\"children\":[{\"type\":\"yooessentials_form_input_text\",\"props\":{\"control_id_inherit\":true,\"control_name\":\"strasse\",\"control_placeholder\":\"Stra\\u00dfe\",\"control_required\":true}}]}],\"formid\":\"1d4a54f1\"},{\"type\":\"column\",\"props\":{\"image_position\":\"center-center\",\"position_sticky_breakpoint\":\"m\",\"width_large\":\"1-4\",\"width_medium\":\"1-2\",\"width_small\":\"1-2\",\"yooessentials_form\":{\"state\":false}},\"children\":[{\"type\":\"yooessentials_form_input\",\"props\":{\"control_icon_align\":\"left\",\"control_width\":\"large\",\"css\":\".uk-child-width-auto > * {\\n  width: 50%!important;\\n}\",\"fullwidth\":false,\"grid_column_gap\":\"small\",\"grid_columns_number\":\"auto\",\"grid_row_gap\":\"small\",\"margin\":\"default\",\"show_icon\":true,\"show_label\":true},\"children\":[{\"type\":\"yooessentials_form_input_text\",\"props\":{\"control_id_inherit\":true,\"control_name\":\"hausnr\",\"control_placeholder\":\"Hausnr.\",\"control_required\":true}},{\"type\":\"yooessentials_form_input_text\",\"props\":{\"control_id_inherit\":true,\"control_name\":\"plz\",\"control_placeholder\":\"PLZ\",\"control_required\":true}}]}],\"formid\":\"36670732\"},{\"type\":\"column\",\"props\":{\"image_position\":\"center-center\",\"position_sticky_breakpoint\":\"m\",\"width_large\":\"1-4\",\"width_medium\":\"1-2\",\"width_small\":\"1-2\",\"yooessentials_form\":{\"state\":false}},\"children\":[{\"type\":\"yooessentials_form_input\",\"props\":{\"control_icon_align\":\"left\",\"control_width\":\"large\",\"fullwidth\":false,\"grid_column_gap\":\"small\",\"grid_columns_number\":\"auto\",\"grid_row_gap\":\"small\",\"margin\":\"default\",\"show_icon\":true,\"show_label\":true},\"children\":[{\"type\":\"yooessentials_form_input_text\",\"props\":{\"control_id_inherit\":true,\"control_name\":\"ort\",\"control_placeholder\":\"Ort\",\"control_required\":true}}]}],\"formid\":\"2f7c3673\"}],\"props\":{\"column_gap\":\"small\",\"layout\":\"1-4,1-4,1-4,1-4|1-2,1-2,1-2,1-2\",\"row_gap\":\"small\"}},{\"type\":\"row\",\"props\":{\"column_gap\":\"small\",\"row_gap\":\"small\"},\"children\":[{\"type\":\"column\",\"props\":{\"css\":\".el-column {\\ncolor: #fff;\\n}\",\"image_position\":\"center-center\",\"position_sticky_breakpoint\":\"m\",\"yooessentials_form\":{\"state\":false,\"html5validation\":true,\"after_submit_actions\":[{\"id\":\"03FFDE\",\"type\":\"message\",\"props\":{\"content\":\"\n\n<p>Ihr Wunsch f\\u00fcr die Registrierung ist bei uns eingegangen! Wir pr\\u00fcfen die Zahl der freien Pl\\u00e4tz und best\\u00e4tigen Ihnen die Teilnahme in K\\u00fcrze.<\\\/p>\\n\n\n<p><\\\/p>\\n\\n\\n\n\n<p>Name: {name}, Vorname: {vorname}<\\\/p>\\n\n\n<p>E-Mail: {mail}<\\\/p>\\n\n\n<p>Funktion: {funktion}<\\\/p>\\n\n\n<p>Untern. \\\/ Inst. \\\/ Netzwerkpartner: {untern}<\\\/p>\\n\n\n<p>Stra\\u00dfe: {strasse}, Hausnr.: {hausnr}<\\\/p>\\n\n\n<p>PLZ: {plz}, Ort: {ort}<\\\/p>\"}}],\"override_action_url\":false,\"action_method\":\"POST\"}},\"children\":[{\"type\":\"yooessentials_form_checkbox\",\"props\":{\"control_id_inherit\":true,\"control_layout\":\"vertical\",\"control_name\":\"consent\",\"control_required\":true,\"margin\":\"default\"},\"children\":[{\"type\":\"yooessentials_form_option\",\"props\":{\"disabled\":false,\"text\":\"Ich habe die <a href=\\\"\\\/datenschutz\\\" class=\\\"textlink\\\" target=\\\"_blank\\\">Datenschutzerkl\\u00e4rung<\\\/a> gelesen und akzeptiere sie hiermit. Au\\u00dferdem bin ich damit einverstanden, dass auf der Veranstaltung gefilmt und fotografiert wird.\",\"value\":\"consent\"}}]},{\"type\":\"yooessentials_form_button\",\"props\":{\"button_size\":\"large\",\"grid_column_gap\":\"small\",\"grid_row_gap\":\"small\",\"margin\":\"default\"},\"children\":[{\"type\":\"yooessentials_form_button_item\",\"props\":{\"button_style\":\"secondary\",\"content\":\"Absenden\",\"icon_align\":\"left\"}}]}],\"formid\":\"045165b0\"}]}],\"formid\":\"14d4fc1b\",\"name\":\"FORM\"},{\"type\":\"section\",\"props\":{\"class\":\"uk-hidden@l uk-visible@m\",\"css\":\".textlink {\\ncolor:#fff; text-decoration: underline; font-weight: 600;\\n}\\n\\n.textlink:hover {\\ncolor:#fff; text-decoration: none; font-weight: 600;\\n}\",\"id\":\"anmelden_tablet\",\"image_position\":\"center-center\",\"preserve_color\":true,\"style\":\"primary\",\"title_breakpoint\":\"xl\",\"title_position\":\"top-left\",\"title_rotation\":\"left\",\"vertical_align\":\"\",\"width\":\"xlarge\",\"yooessentials_form\":{\"state\":true,\"html5validation\":true,\"override_action_url\":false,\"action_method\":\"POST\",\"after_submit_actions\":[{\"type\":\"email\",\"props\":{\"attachments\":[null],\"submitted_attachments\":[null],\"name\":\"Anmeldung\",\"subject\":\"Anmeldung Veranstaltung TraSaar 25\",\"recipients\":\"ds@weltenundwunder.de, cs@weltenundwunder.de\",\"body\":\"\n\n<p>Name: {name}, Vorname: {vorname}<\\\/p>\\n\n\n<p>E-Mail: {mail}<\\\/p>\\n\n\n<p>Funktion: {funktion}<\\\/p>\\n\n\n<p>Untern. \\\/ Inst. \\\/ Netzwerkpartner: {untern}<\\\/p>\\n\n\n<p>Stra\\u00dfe: {strasse}, Hausnr.: {hausnr}<\\\/p>\\n\n\n<p>PLZ: {plz}, Ort: {ort}<\\\/p>\",\"html\":true},\"id\":\"64070a40316cf\"},{\"type\":\"email\",\"props\":{\"attachments\":[null],\"submitted_attachments\":[null],\"name\":\"Best\\u00e4tigung\",\"body\":\"\n\n<p>Vielen Dank f\\u00fcr Ihre Registrierung! Sie sind f\\u00fcr die TraSaar Jahresveranstaltung 2025 angemeldet. Wir freuen uns, Sie bei der Veranstaltung begr\\u00fc\\u00dfen zu d\\u00fcrfen!<\\\/p>\\n\n\n<p><\\\/p>\\n\n\n<p>Name: {name}, Vorname: {vorname}<\\\/p>\\n\n\n<p>E-Mail: {mail}<\\\/p>\\n\n\n<p>Funktion: {funktion}<\\\/p>\\n\n\n<p>Untern. \\\/ Inst. \\\/ Netzwerkpartner: {untern}<\\\/p>\\n\n\n<p>Stra\\u00dfe: {strasse}, Hausnr.: {hausnr}<\\\/p>\\n\n\n<p>PLZ: {plz}, Ort: {ort}<\\\/p>\",\"html\":true,\"subject\":\"Ihre Registrierung zur TraSaar Jahresveranstaltung am 14.11.2025\",\"recipients\":\"{mail}\"},\"id\":\"64070a40316d0\"},{\"type\":\"message\",\"props\":{\"content\":\"\n\n<p>Vielen Dank f\\u00fcr Ihre Registrierung! Sie sind f\\u00fcr die TraSaar Jahresveranstaltung 2025 angemeldet. Wir freuen uns, Sie bei der Veranstaltung begr\\u00fc\\u00dfen zu d\\u00fcrfen!<\\\/p>\\n\n\n<p><\\\/p>\\n\n\n<p>Name: {name}, Vorname: {vorname}<\\\/p>\\n\n\n<p>E-Mail: {mail}<\\\/p>\\n\n\n<p>Funktion: {funktion}<\\\/p>\\n\n\n<p>Untern. \\\/ Inst. \\\/ Netzwerkpartner: {untern}<\\\/p>\\n\n\n<p>Stra\\u00dfe: {strasse}, Hausnr.: {hausnr}<\\\/p>\\n\n\n<p>PLZ: {plz}, Ort: {ort}<\\\/p>\",\"name\":\"Message\",\"yooessentials_access_conditions\":[],\"yooessentials_access_mode\":\"AND\"},\"id\":\"64070a40316d1\"},{\"id\":\"67DD17\",\"type\":\"save-csv\",\"props\":{\"content\":[{\"id\":\"name\",\"props\":{\"status\":\"\"},\"source_extended\":{\"props\":{\"value\":{\"filters\":{\"search\":\"\"},\"name\":\"name\",\"query\":{\"name\":\"yooessentials_form_query\"}}}}},{\"id\":\"vorname\",\"props\":{\"status\":\"\"},\"source_extended\":{\"props\":{\"value\":{\"filters\":{\"search\":\"\"},\"name\":\"vorname\",\"query\":{\"name\":\"yooessentials_form_query\"}}}}},{\"id\":\"mail\",\"props\":{\"status\":\"\"},\"source_extended\":{\"props\":{\"value\":{\"filters\":{\"search\":\"\"},\"name\":\"mail\",\"query\":{\"name\":\"yooessentials_form_query\"}}}}},{\"id\":\"funktion\",\"props\":{\"status\":\"\"},\"source_extended\":{\"props\":{\"value\":{\"filters\":{\"search\":\"\"},\"name\":\"funktion\",\"query\":{\"name\":\"yooessentials_form_query\"}}}}},{\"id\":\"untern\",\"props\":{\"status\":\"\"},\"source_extended\":{\"props\":{\"value\":{\"filters\":{\"search\":\"\"},\"name\":\"untern\",\"query\":{\"name\":\"yooessentials_form_query\"}}}}},{\"id\":\"strasse\",\"props\":{\"status\":\"\"},\"source_extended\":{\"props\":{\"value\":{\"filters\":{\"search\":\"\"},\"name\":\"strasse\",\"query\":{\"name\":\"yooessentials_form_query\"}}}}},{\"id\":\"hausnr\",\"props\":{\"status\":\"\"},\"source_extended\":{\"props\":{\"value\":{\"filters\":{\"search\":\"\"},\"name\":\"hausnr\",\"query\":{\"name\":\"yooessentials_form_query\"}}}}},{\"id\":\"plz\",\"props\":{\"status\":\"\"},\"source_extended\":{\"props\":{\"value\":{\"filters\":{\"search\":\"\"},\"name\":\"plz\",\"query\":{\"name\":\"yooessentials_form_query\"}}}}},{\"id\":\"ort\",\"props\":{\"status\":\"\"},\"source_extended\":{\"props\":{\"value\":{\"filters\":{\"search\":\"\"},\"name\":\"ort\",\"query\":{\"name\":\"yooessentials_form_query\"}}}}}],\"file\":\"wp-content\\\/uploads\\\/2025\\\/10\\\/Registrierungen-2025.csv\"}}],\"reset_after_submit\":true}},\"children\":[{\"type\":\"row\",\"children\":[{\"type\":\"column\",\"props\":{\"image_position\":\"center-center\",\"position_sticky_breakpoint\":\"m\"},\"children\":[{\"type\":\"headline\",\"props\":{\"content\":\"Jetzt anmelden!\",\"css\":\".el-element {\\ncolor: #fff;\\n}\",\"title_element\":\"div\",\"title_style\":\"h1\"}}]}]},{\"type\":\"row\",\"children\":[{\"type\":\"column\",\"props\":{\"image_position\":\"center-center\",\"position_sticky_breakpoint\":\"m\",\"width_large\":\"1-4\",\"width_medium\":\"1-2\",\"width_small\":\"1-2\",\"yooessentials_form\":{\"state\":false,\"html5validation\":true,\"after_submit_actions\":[],\"override_action_url\":false,\"action_method\":\"POST\"}},\"children\":[{\"type\":\"yooessentials_form_input\",\"props\":{\"control_icon_align\":\"left\",\"control_width\":\"large\",\"fullwidth\":false,\"grid_column_gap\":\"small\",\"grid_columns_number\":\"auto\",\"grid_row_gap\":\"small\",\"margin\":\"default\",\"show_icon\":true,\"show_label\":true},\"children\":[{\"type\":\"yooessentials_form_input_text\",\"props\":{\"control_id_inherit\":true,\"control_name\":\"name\",\"control_placeholder\":\"Name\",\"control_required\":true}}]}],\"formid\":\"045165b0\"},{\"type\":\"column\",\"props\":{\"image_position\":\"center-center\",\"position_sticky_breakpoint\":\"m\",\"width_large\":\"1-4\",\"width_medium\":\"1-2\",\"width_small\":\"1-2\",\"yooessentials_form\":{\"state\":false}},\"children\":[{\"type\":\"yooessentials_form_input\",\"props\":{\"control_icon_align\":\"left\",\"control_width\":\"large\",\"fullwidth\":false,\"grid_column_gap\":\"small\",\"grid_columns_number\":\"auto\",\"grid_row_gap\":\"small\",\"margin\":\"default\",\"show_icon\":true,\"show_label\":true},\"children\":[{\"type\":\"yooessentials_form_input_text\",\"props\":{\"control_id_inherit\":true,\"control_name\":\"vorname\",\"control_placeholder\":\"Vorname\",\"control_required\":true}}]}],\"formid\":\"1d4a54f1\"},{\"type\":\"column\",\"props\":{\"image_position\":\"center-center\",\"position_sticky_breakpoint\":\"m\",\"width_large\":\"1-4\",\"width_medium\":\"1-2\",\"width_small\":\"1-2\",\"yooessentials_form\":{\"state\":false}},\"children\":[{\"type\":\"yooessentials_form_input\",\"props\":{\"control_icon_align\":\"left\",\"control_width\":\"large\",\"fullwidth\":false,\"grid_column_gap\":\"small\",\"grid_columns_number\":\"auto\",\"grid_row_gap\":\"small\",\"margin\":\"default\",\"show_icon\":true,\"show_label\":true},\"children\":[{\"type\":\"yooessentials_form_input_email\",\"props\":{\"control_icon_align\":\"left\",\"control_id_inherit\":true,\"control_name\":\"mail\",\"control_placeholder\":\"E-Mail-Adresse\",\"control_required\":true}}]}],\"formid\":\"36670732\"},{\"type\":\"column\",\"props\":{\"image_position\":\"center-center\",\"position_sticky_breakpoint\":\"m\",\"width_large\":\"1-4\",\"width_medium\":\"1-2\",\"width_small\":\"1-2\",\"yooessentials_form\":{\"state\":false}},\"children\":[{\"type\":\"yooessentials_form_input\",\"props\":{\"control_icon_align\":\"left\",\"control_width\":\"large\",\"fullwidth\":false,\"grid_column_gap\":\"small\",\"grid_columns_number\":\"auto\",\"grid_row_gap\":\"small\",\"margin\":\"default\",\"show_icon\":true,\"show_label\":true},\"children\":[{\"type\":\"yooessentials_form_input_text\",\"props\":{\"control_id_inherit\":true,\"control_name\":\"strasse\",\"control_placeholder\":\"Stra\\u00dfe\",\"control_required\":true}}]}],\"formid\":\"2f7c3673\"}],\"props\":{\"column_gap\":\"small\",\"layout\":\"1-4,1-4,1-4,1-4|1-2,1-2,1-2,1-2\",\"row_gap\":\"small\"}},{\"type\":\"row\",\"children\":[{\"type\":\"column\",\"props\":{\"image_position\":\"center-center\",\"position_sticky_breakpoint\":\"m\",\"width_large\":\"1-4\",\"width_medium\":\"1-2\",\"width_small\":\"1-2\",\"yooessentials_form\":{\"state\":false,\"html5validation\":true,\"after_submit_actions\":[],\"override_action_url\":false,\"action_method\":\"POST\"}},\"children\":[{\"type\":\"yooessentials_form_input\",\"props\":{\"control_icon_align\":\"left\",\"control_width\":\"large\",\"fullwidth\":false,\"grid_column_gap\":\"small\",\"grid_columns_number\":\"auto\",\"grid_row_gap\":\"small\",\"margin\":\"default\",\"show_icon\":true,\"show_label\":true},\"children\":[{\"type\":\"yooessentials_form_input_text\",\"props\":{\"control_id_inherit\":true,\"control_name\":\"untern\",\"control_placeholder\":\"Untern. \\\/ Inst. \\\/ Netzwerkpartner\",\"control_required\":true}}]}],\"formid\":\"045165b0\"},{\"type\":\"column\",\"props\":{\"image_position\":\"center-center\",\"position_sticky_breakpoint\":\"m\",\"width_large\":\"1-4\",\"width_medium\":\"1-2\",\"width_small\":\"1-2\",\"yooessentials_form\":{\"state\":false}},\"children\":[{\"type\":\"yooessentials_form_input\",\"props\":{\"control_icon_align\":\"left\",\"control_width\":\"large\",\"fullwidth\":false,\"grid_column_gap\":\"small\",\"grid_columns_number\":\"auto\",\"grid_row_gap\":\"small\",\"margin\":\"default\",\"show_icon\":true,\"show_label\":true},\"children\":[{\"type\":\"yooessentials_form_input_text\",\"props\":{\"control_id_inherit\":true,\"control_name\":\"funktion\",\"control_placeholder\":\"Funktion\",\"control_required\":true}}]}],\"formid\":\"1d4a54f1\"},{\"type\":\"column\",\"props\":{\"image_position\":\"center-center\",\"position_sticky_breakpoint\":\"m\",\"width_large\":\"1-4\",\"width_medium\":\"1-2\",\"width_small\":\"1-2\",\"yooessentials_form\":{\"state\":false}},\"children\":[{\"type\":\"yooessentials_form_input\",\"props\":{\"control_icon_align\":\"left\",\"control_width\":\"large\",\"css\":\".uk-child-width-auto > * {\\n  width: 50%!important;\\n}\",\"fullwidth\":false,\"grid_column_gap\":\"small\",\"grid_columns_number\":\"auto\",\"grid_row_gap\":\"small\",\"margin\":\"default\",\"show_icon\":true,\"show_label\":true},\"children\":[{\"type\":\"yooessentials_form_input_text\",\"props\":{\"control_id_inherit\":true,\"control_name\":\"hausnr\",\"control_placeholder\":\"Hausnr.\",\"control_required\":true}},{\"type\":\"yooessentials_form_input_text\",\"props\":{\"control_id_inherit\":true,\"control_name\":\"plz\",\"control_placeholder\":\"PLZ\",\"control_required\":true}}]}],\"formid\":\"36670732\"},{\"type\":\"column\",\"props\":{\"image_position\":\"center-center\",\"position_sticky_breakpoint\":\"m\",\"width_large\":\"1-4\",\"width_medium\":\"1-2\",\"width_small\":\"1-2\",\"yooessentials_form\":{\"state\":false}},\"children\":[{\"type\":\"yooessentials_form_input\",\"props\":{\"control_icon_align\":\"left\",\"control_width\":\"large\",\"fullwidth\":false,\"grid_column_gap\":\"small\",\"grid_columns_number\":\"auto\",\"grid_row_gap\":\"small\",\"margin\":\"default\",\"show_icon\":true,\"show_label\":true},\"children\":[{\"type\":\"yooessentials_form_input_text\",\"props\":{\"control_id_inherit\":true,\"control_name\":\"ort\",\"control_placeholder\":\"Ort\",\"control_required\":true}}]}],\"formid\":\"2f7c3673\"}],\"props\":{\"column_gap\":\"small\",\"layout\":\"1-4,1-4,1-4,1-4|1-2,1-2,1-2,1-2\",\"row_gap\":\"small\"}},{\"type\":\"row\",\"props\":{\"column_gap\":\"small\",\"row_gap\":\"small\"},\"children\":[{\"type\":\"column\",\"props\":{\"css\":\".el-column {\\ncolor: #fff;\\n}\",\"image_position\":\"center-center\",\"position_sticky_breakpoint\":\"m\",\"yooessentials_form\":{\"state\":false,\"html5validation\":true,\"after_submit_actions\":[{\"id\":\"03FFDE\",\"type\":\"message\",\"props\":{\"content\":\"\n\n<p>Ihr Wunsch f\\u00fcr die Registrierung ist bei uns eingegangen! Wir pr\\u00fcfen die Zahl der freien Pl\\u00e4tz und best\\u00e4tigen Ihnen die Teilnahme in K\\u00fcrze.<\\\/p>\\n\n\n<p><\\\/p>\\n\\n\\n\n\n<p>Name: {name}, Vorname: {vorname}<\\\/p>\\n\n\n<p>E-Mail: {mail}<\\\/p>\\n\n\n<p>Funktion: {funktion}<\\\/p>\\n\n\n<p>Untern. \\\/ Inst. \\\/ Netzwerkpartner: {untern}<\\\/p>\\n\n\n<p>Stra\\u00dfe: {strasse}, Hausnr.: {hausnr}<\\\/p>\\n\n\n<p>PLZ: {plz}, Ort: {ort}<\\\/p>\"}}],\"override_action_url\":false,\"action_method\":\"POST\"}},\"children\":[{\"type\":\"yooessentials_form_checkbox\",\"props\":{\"control_id_inherit\":true,\"control_layout\":\"vertical\",\"control_name\":\"consent\",\"control_required\":true,\"margin\":\"default\"},\"children\":[{\"type\":\"yooessentials_form_option\",\"props\":{\"disabled\":false,\"text\":\"Ich habe die <a href=\\\"\\\/datenschutz\\\" class=\\\"textlink\\\" target=\\\"_blank\\\">Datenschutzerkl\\u00e4rung<\\\/a> gelesen und akzeptiere sie hiermit. Au\\u00dferdem bin ich damit einverstanden, dass auf der Veranstaltung gefilmt und fotografiert wird.\",\"value\":\"consent\"}}]},{\"type\":\"yooessentials_form_button\",\"props\":{\"button_size\":\"large\",\"grid_column_gap\":\"small\",\"grid_row_gap\":\"small\",\"margin\":\"default\"},\"children\":[{\"type\":\"yooessentials_form_button_item\",\"props\":{\"button_style\":\"secondary\",\"content\":\"Absenden\",\"icon_align\":\"left\"}}]}],\"formid\":\"045165b0\"}]}],\"formid\":\"39d8a719\",\"name\":\"FORM tablet \"},{\"type\":\"section\",\"props\":{\"class\":\"uk-hidden@m\",\"css\":\".textlink {\\ncolor:#fff; text-decoration: underline; font-weight: 600;\\n}\\n\\n.textlink:hover {\\ncolor:#fff; text-decoration: none; font-weight: 600;\\n}\",\"id\":\"anmelden_handy\",\"image_position\":\"center-center\",\"preserve_color\":true,\"style\":\"primary\",\"title_breakpoint\":\"xl\",\"title_position\":\"top-left\",\"title_rotation\":\"left\",\"vertical_align\":\"\",\"width\":\"xlarge\",\"yooessentials_form\":{\"state\":true,\"html5validation\":true,\"override_action_url\":false,\"action_method\":\"POST\",\"after_submit_actions\":[{\"type\":\"email\",\"props\":{\"attachments\":[null],\"submitted_attachments\":[null],\"name\":\"Anmeldung\",\"subject\":\"Anmeldung Veranstaltung TraSaar 25\",\"recipients\":\"ds@weltenundwunder.de, cs@weltenundwunder.de\",\"body\":\"\n\n<p>Name: {name}, Vorname: {vorname}<\\\/p>\\n\n\n<p>E-Mail: {mail}<\\\/p>\\n\n\n<p>Funktion: {funktion}<\\\/p>\\n\n\n<p>Untern. \\\/ Inst. \\\/ Netzwerkpartner: {untern}<\\\/p>\\n\n\n<p>Stra\\u00dfe: {strasse}, Hausnr.: {hausnr}<\\\/p>\\n\n\n<p>PLZ: {plz}, Ort: {ort}<\\\/p>\",\"html\":true},\"id\":\"64070a40316cf\"},{\"type\":\"email\",\"props\":{\"attachments\":[null],\"submitted_attachments\":[null],\"name\":\"Best\\u00e4tigung\",\"body\":\"\n\n<p>Vielen Dank f\\u00fcr Ihre Registrierung! Sie sind f\\u00fcr die TraSaar Jahresveranstaltung 2025 angemeldet. Wir freuen uns, Sie bei der Veranstaltung begr\\u00fc\\u00dfen zu d\\u00fcrfen!<\\\/p>\\n\n\n<p><\\\/p>\\n\n\n<p>Name: {name}, Vorname: {vorname}<\\\/p>\\n\n\n<p>E-Mail: {mail}<\\\/p>\\n\n\n<p>Funktion: {funktion}<\\\/p>\\n\n\n<p>Untern. \\\/ Inst. \\\/ Netzwerkpartner: {untern}<\\\/p>\\n\n\n<p>Stra\\u00dfe: {strasse}, Hausnr.: {hausnr}<\\\/p>\\n\n\n<p>PLZ: {plz}, Ort: {ort}<\\\/p>\",\"html\":true,\"subject\":\"Ihre Registrierung zur TraSaar Jahresveranstaltung am 14.11.2025\",\"recipients\":\"{mail}\"},\"id\":\"64070a40316d0\"},{\"type\":\"message\",\"props\":{\"content\":\"\n\n<p>Vielen Dank f\\u00fcr Ihre Registrierung! Sie sind f\\u00fcr die TraSaar Jahresveranstaltung 2025 angemeldet. Wir freuen uns, Sie bei der Veranstaltung begr\\u00fc\\u00dfen zu d\\u00fcrfen!<\\\/p>\\n\n\n<p><\\\/p>\\n\n\n<p>Name: {name}, Vorname: {vorname}<\\\/p>\\n\n\n<p>E-Mail: {mail}<\\\/p>\\n\n\n<p>Funktion: {funktion}<\\\/p>\\n\n\n<p>Untern. \\\/ Inst. \\\/ Netzwerkpartner: {untern}<\\\/p>\\n\n\n<p>Stra\\u00dfe: {strasse}, Hausnr.: {hausnr}<\\\/p>\\n\n\n<p>PLZ: {plz}, Ort: {ort}<\\\/p>\",\"name\":\"Message\",\"yooessentials_access_conditions\":[],\"yooessentials_access_mode\":\"AND\"},\"id\":\"64070a40316d1\"},{\"id\":\"65D9EE\",\"type\":\"save-csv\",\"props\":{\"content\":[{\"id\":\"name\",\"props\":{\"status\":\"\"},\"source_extended\":{\"props\":{\"value\":{\"filters\":{\"search\":\"\"},\"name\":\"name\",\"query\":{\"name\":\"yooessentials_form_query\"}}}}},{\"id\":\"vorname\",\"props\":{\"status\":\"\"},\"source_extended\":{\"props\":{\"value\":{\"filters\":{\"search\":\"\"},\"name\":\"vorname\",\"query\":{\"name\":\"yooessentials_form_query\"}}}}},{\"id\":\"mail\",\"props\":{\"status\":\"\"},\"source_extended\":{\"props\":{\"value\":{\"filters\":{\"search\":\"\"},\"name\":\"mail\",\"query\":{\"name\":\"yooessentials_form_query\"}}}}},{\"id\":\"funktion\",\"props\":{\"status\":\"\"},\"source_extended\":{\"props\":{\"value\":{\"filters\":{\"search\":\"\"},\"name\":\"funktion\",\"query\":{\"name\":\"yooessentials_form_query\"}}}}},{\"id\":\"untern\",\"props\":{\"status\":\"\"},\"source_extended\":{\"props\":{\"value\":{\"filters\":{\"search\":\"\"},\"name\":\"untern\",\"query\":{\"name\":\"yooessentials_form_query\"}}}}},{\"id\":\"strasse\",\"props\":{\"status\":\"\"},\"source_extended\":{\"props\":{\"value\":{\"filters\":{\"search\":\"\"},\"name\":\"strasse\",\"query\":{\"name\":\"yooessentials_form_query\"}}}}},{\"id\":\"hausnr\",\"props\":{\"status\":\"\"},\"source_extended\":{\"props\":{\"value\":{\"filters\":{\"search\":\"\"},\"name\":\"hausnr\",\"query\":{\"name\":\"yooessentials_form_query\"}}}}},{\"id\":\"plz\",\"props\":{\"status\":\"\"},\"source_extended\":{\"props\":{\"value\":{\"filters\":{\"search\":\"\"},\"name\":\"plz\",\"query\":{\"name\":\"yooessentials_form_query\"}}}}},{\"id\":\"ort\",\"props\":{\"status\":\"\"},\"source_extended\":{\"props\":{\"value\":{\"filters\":{\"search\":\"\"},\"name\":\"ort\",\"query\":{\"name\":\"yooessentials_form_query\"}}}}}],\"file\":\"wp-content\\\/uploads\\\/2025\\\/10\\\/Registrierungen-2025.csv\"}}],\"reset_after_submit\":true}},\"children\":[{\"type\":\"row\",\"children\":[{\"type\":\"column\",\"props\":{\"image_position\":\"center-center\",\"position_sticky_breakpoint\":\"m\"},\"children\":[{\"type\":\"headline\",\"props\":{\"content\":\"Jetzt anmelden!\",\"css\":\".el-element {\\ncolor: #fff;\\n}\",\"title_element\":\"div\",\"title_style\":\"h1\"}}]}]},{\"type\":\"row\",\"children\":[{\"type\":\"column\",\"props\":{\"image_position\":\"center-center\",\"position_sticky_breakpoint\":\"m\",\"width_large\":\"1-4\",\"width_medium\":\"1-2\",\"width_small\":\"1-2\",\"yooessentials_form\":{\"state\":false,\"html5validation\":true,\"after_submit_actions\":[],\"override_action_url\":false,\"action_method\":\"POST\"}},\"children\":[{\"type\":\"yooessentials_form_input\",\"props\":{\"control_icon_align\":\"left\",\"control_width\":\"large\",\"fullwidth\":false,\"grid_column_gap\":\"small\",\"grid_columns_number\":\"auto\",\"grid_row_gap\":\"small\",\"margin\":\"default\",\"show_icon\":true,\"show_label\":true},\"children\":[{\"type\":\"yooessentials_form_input_text\",\"props\":{\"control_id_inherit\":true,\"control_name\":\"name\",\"control_placeholder\":\"Name\",\"control_required\":true}}]},{\"type\":\"yooessentials_form_input\",\"props\":{\"control_icon_align\":\"left\",\"control_width\":\"large\",\"fullwidth\":false,\"grid_column_gap\":\"small\",\"grid_columns_number\":\"auto\",\"grid_row_gap\":\"small\",\"margin\":\"default\",\"show_icon\":true,\"show_label\":true},\"children\":[{\"type\":\"yooessentials_form_input_text\",\"props\":{\"control_id_inherit\":true,\"control_name\":\"vorname\",\"control_placeholder\":\"Vorname\",\"control_required\":true}}]}],\"formid\":\"045165b0\"},{\"type\":\"column\",\"props\":{\"image_position\":\"center-center\",\"position_sticky_breakpoint\":\"m\",\"width_large\":\"1-4\",\"width_medium\":\"1-2\",\"width_small\":\"1-2\",\"yooessentials_form\":{\"state\":false}},\"children\":[{\"type\":\"yooessentials_form_input\",\"props\":{\"control_icon_align\":\"left\",\"control_width\":\"large\",\"fullwidth\":false,\"grid_column_gap\":\"small\",\"grid_columns_number\":\"auto\",\"grid_row_gap\":\"small\",\"margin\":\"default\",\"show_icon\":true,\"show_label\":true},\"children\":[{\"type\":\"yooessentials_form_input_text\",\"props\":{\"control_id_inherit\":true,\"control_name\":\"untern\",\"control_placeholder\":\"Untern. \\\/ Inst. \\\/ Netzwerkpartner\",\"control_required\":true}}]},{\"type\":\"yooessentials_form_input\",\"props\":{\"control_icon_align\":\"left\",\"control_width\":\"large\",\"fullwidth\":false,\"grid_column_gap\":\"small\",\"grid_columns_number\":\"auto\",\"grid_row_gap\":\"small\",\"margin\":\"default\",\"show_icon\":true,\"show_label\":true},\"children\":[{\"type\":\"yooessentials_form_input_text\",\"props\":{\"control_id_inherit\":true,\"control_name\":\"funktion\",\"control_placeholder\":\"Funktion\",\"control_required\":true}}]}],\"formid\":\"1d4a54f1\"},{\"type\":\"column\",\"props\":{\"image_position\":\"center-center\",\"position_sticky_breakpoint\":\"m\",\"width_large\":\"1-4\",\"width_medium\":\"1-2\",\"width_small\":\"1-2\",\"yooessentials_form\":{\"state\":false}},\"children\":[{\"type\":\"yooessentials_form_input\",\"props\":{\"control_icon_align\":\"left\",\"control_width\":\"large\",\"fullwidth\":false,\"grid_column_gap\":\"small\",\"grid_columns_number\":\"auto\",\"grid_row_gap\":\"small\",\"margin\":\"default\",\"show_icon\":true,\"show_label\":true},\"children\":[{\"type\":\"yooessentials_form_input_email\",\"props\":{\"control_icon_align\":\"left\",\"control_id_inherit\":true,\"control_name\":\"mail\",\"control_placeholder\":\"E-Mail-Adresse\",\"control_required\":true}}]},{\"type\":\"yooessentials_form_input\",\"props\":{\"control_icon_align\":\"left\",\"control_width\":\"large\",\"fullwidth\":false,\"grid_column_gap\":\"small\",\"grid_columns_number\":\"auto\",\"grid_row_gap\":\"small\",\"margin\":\"default\",\"show_icon\":true,\"show_label\":true},\"children\":[{\"type\":\"yooessentials_form_input_text\",\"props\":{\"control_id_inherit\":true,\"control_name\":\"strasse\",\"control_placeholder\":\"Stra\\u00dfe\",\"control_required\":true}}]}],\"formid\":\"36670732\"},{\"type\":\"column\",\"props\":{\"image_position\":\"center-center\",\"position_sticky_breakpoint\":\"m\",\"width_large\":\"1-4\",\"width_medium\":\"1-2\",\"width_small\":\"1-2\",\"yooessentials_form\":{\"state\":false}},\"children\":[{\"type\":\"yooessentials_form_input\",\"props\":{\"control_icon_align\":\"left\",\"control_width\":\"large\",\"css\":\".uk-child-width-auto > * {\\n  width: 50%!important;\\n}\",\"fullwidth\":false,\"grid_column_gap\":\"small\",\"grid_columns_number\":\"auto\",\"grid_row_gap\":\"small\",\"margin\":\"default\",\"show_icon\":true,\"show_label\":true},\"children\":[{\"type\":\"yooessentials_form_input_text\",\"props\":{\"control_id_inherit\":true,\"control_name\":\"hausnr\",\"control_placeholder\":\"Hausnr.\",\"control_required\":true}},{\"type\":\"yooessentials_form_input_text\",\"props\":{\"control_id_inherit\":true,\"control_name\":\"plz\",\"control_placeholder\":\"PLZ\",\"control_required\":true}}]},{\"type\":\"yooessentials_form_input\",\"props\":{\"control_icon_align\":\"left\",\"control_width\":\"large\",\"fullwidth\":false,\"grid_column_gap\":\"small\",\"grid_columns_number\":\"auto\",\"grid_row_gap\":\"small\",\"margin\":\"default\",\"show_icon\":true,\"show_label\":true},\"children\":[{\"type\":\"yooessentials_form_input_text\",\"props\":{\"control_id_inherit\":true,\"control_name\":\"ort\",\"control_placeholder\":\"Ort\",\"control_required\":true}}]}],\"formid\":\"2f7c3673\"}],\"props\":{\"column_gap\":\"small\",\"layout\":\"1-4,1-4,1-4,1-4|1-2,1-2,1-2,1-2\",\"row_gap\":\"small\"}},{\"type\":\"row\",\"props\":{\"column_gap\":\"small\",\"row_gap\":\"small\"},\"children\":[{\"type\":\"column\",\"props\":{\"css\":\".el-column {\\ncolor: #fff;\\n}\",\"image_position\":\"center-center\",\"position_sticky_breakpoint\":\"m\",\"yooessentials_form\":{\"state\":false,\"html5validation\":true,\"after_submit_actions\":[{\"id\":\"03FFDE\",\"type\":\"message\",\"props\":{\"content\":\"\n\n<p>Ihr Wunsch f\\u00fcr die Registrierung ist bei uns eingegangen! Wir pr\\u00fcfen die Zahl der freien Pl\\u00e4tz und best\\u00e4tigen Ihnen die Teilnahme in K\\u00fcrze.<\\\/p>\\n\n\n<p><\\\/p>\\n\\n\\n\n\n<p>Name: {name}, Vorname: {vorname}<\\\/p>\\n\n\n<p>E-Mail: {mail}<\\\/p>\\n\n\n<p>Funktion: {funktion}<\\\/p>\\n\n\n<p>Untern. \\\/ Inst. \\\/ Netzwerkpartner: {untern}<\\\/p>\\n\n\n<p>Stra\\u00dfe: {strasse}, Hausnr.: {hausnr}<\\\/p>\\n\n\n<p>PLZ: {plz}, Ort: {ort}<\\\/p>\"}}],\"override_action_url\":false,\"action_method\":\"POST\"}},\"children\":[{\"type\":\"yooessentials_form_checkbox\",\"props\":{\"control_id_inherit\":true,\"control_layout\":\"vertical\",\"control_name\":\"consent\",\"control_required\":true,\"margin\":\"default\"},\"children\":[{\"type\":\"yooessentials_form_option\",\"props\":{\"disabled\":false,\"text\":\"Ich habe die <a href=\\\"\\\/datenschutz\\\" class=\\\"textlink\\\" target=\\\"_blank\\\">Datenschutzerkl\\u00e4rung<\\\/a> gelesen und akzeptiere sie hiermit. Au\\u00dferdem bin ich damit einverstanden, dass auf der Veranstaltung gefilmt und fotografiert wird.\",\"value\":\"consent\"}}]},{\"type\":\"yooessentials_form_button\",\"props\":{\"button_size\":\"large\",\"grid_column_gap\":\"small\",\"grid_row_gap\":\"small\",\"margin\":\"default\"},\"children\":[{\"type\":\"yooessentials_form_button_item\",\"props\":{\"button_style\":\"secondary\",\"content\":\"Absenden\",\"icon_align\":\"left\"}}]}],\"formid\":\"045165b0\"}]}],\"formid\":\"e2db74f8\",\"name\":\"FORM handy \"},{\"type\":\"section\",\"props\":{\"id\":\"projekt\",\"image\":\"wp-content\\\/uploads\\\/2023\\\/03\\\/bg-trasaar.png\",\"image_position\":\"center-center\",\"status\":\"disabled\",\"style\":\"muted\",\"title_breakpoint\":\"xl\",\"title_position\":\"top-left\",\"title_rotation\":\"left\",\"vertical_align\":\"\",\"width\":\"xsmall\"},\"children\":[{\"type\":\"row\",\"props\":{\"margin\":\"large\"},\"children\":[{\"type\":\"column\",\"props\":{\"image_position\":\"center-center\",\"position_sticky_breakpoint\":\"m\",\"width_medium\":\"1-1\"},\"children\":[{\"type\":\"headline\",\"props\":{\"content\":\"Das Projekt\",\"maxwidth\":\"medium\",\"title_element\":\"div\",\"title_style\":\"h1\"}},{\"type\":\"divider\",\"props\":{\"divider_element\":\"div\",\"divider_style\":\"small\"}}]}]},{\"type\":\"row\",\"children\":[{\"type\":\"column\",\"props\":{\"css\":\"@media (max-width: 719px) {\\n    .el-column {\\n    margin-top: -30px;\\n    }\\n\\n}\",\"image_position\":\"center-center\",\"position_sticky_breakpoint\":\"m\"},\"children\":[{\"type\":\"text\",\"props\":{\"class\":\"uk-visible@m\",\"column_breakpoint\":\"m\",\"content\":\"\n\n<p style=\\\"font-weight: bold;\\\">Die saarl\\u00e4ndische Wirtschaft, insbesondere die Automobil- und Zuliefererindustrie, befindet sich inmitten eines tiefgreifenden Transformationsprozesses. Da die saarl\\u00e4ndische Automobilindustrie noch in hohem Ma\\u00dfe vom Verbrennungsmotor abh\\u00e4ngig ist, geht der grundlegende Umbruch mit enormen Auswirkungen auf die Unternehmen und deren Besch\\u00e4ftigte einher. Um die Transformation in der Region voranzutreiben wurde das \\u201eTransformationsnetzwerk TraSaar\\u201c gegr\\u00fcndet.<\\\/p><br\\\/>\n\n<p>\\n\\nZu diesem Zwecke arbeiten die Projektpartner Arbeitskammer des Saarlandes, autoregion e.V, IG Metall \\u2013 Transformationswerkstatt Saar, IHK Saarland, Ministerium f\\u00fcr Wirtschaft, Innovation, Digitales und Energie und ZeMa \\u2013 Zentrum f\\u00fcr Mechatronik und Automatisierungstechnik eng mit ExpertInnen aus Forschung, Politik und Unternehmen zusammen, um Strategien und konkrete Ans\\u00e4tze f\\u00fcr die erfolgreiche Transformation unserer Region auf den Weg zu bringen.\\n<\\\/p><br\\\/>\n\n<p>\\n   \\nGef\\u00f6rdert wird das Projekt, das bei der GeTS \\u2013 Gesellschaft f\\u00fcr Transformationsmanagement angesiedelt ist, mit 7,1 Mio. Euro durch das Bundesministerium f\\u00fcr Wirtschaft und Klimaschutz.\\n<\\\/p><br\\\/>\n\n<p>\\nAls Projekttr\\u00e4ger fungiert VDI\\\/VDE Innovation + Technik GmbH.\\nAusf\\u00fchrliche Informationen zu unserem Projekt und den Partnern finden Sie auf unserer Website: <a href=\\\"https:\\\/\\\/trasaar.saarland\\\" target=\\\"_blank\\\">www.trasaar.saarland<\\\/a><\\\/p>\",\"margin\":\"default\",\"text_style\":\"lead\"}},{\"type\":\"text\",\"props\":{\"class\":\"uk-hidden@m\",\"column_breakpoint\":\"m\",\"content\":\"\n\n<p style=\\\"font-weight: bold;\\\">Die saarl\\u00e4ndische Wirtschaft, insbesondere die Automobil- und Zuliefererindustrie, befindet sich inmitten eines tiefgreifenden Transformationsprozesses. Da die saarl\\u00e4ndische Automobilindustrie noch in hohem Ma\\u00dfe vom Verbrennungsmotor abh\\u00e4ngig ist, geht der grundlegende Umbruch mit enormen Auswirkungen auf die Unternehmen und deren Besch\\u00e4ftigte einher. Um die Transformation in der Region voranzutreiben wurde das \\u201eTransformationsnetzwerk TraSaar\\u201c gegr\\u00fcndet.<\\\/p><br\\\/>\n\n<p>\\n\\nZu diesem Zwecke arbeiten die Projektpartner Arbeitskammer des Saarlandes, autoregion e.V, IG Metall \\u2013 Transformationswerkstatt Saar, IHK Saarland, Ministerium f\\u00fcr Wirtschaft, Innovation, Digitales und Energie und ZeMa \\u2013 Zentrum f\\u00fcr Mechatronik und Automatisierungstechnik eng mit ExpertInnen aus Forschung, Politik und Unternehmen zusammen, um Strategien und konkrete Ans\\u00e4tze f\\u00fcr die erfolgreiche Transformation unserer Region auf den Weg zu bringen.\\n<\\\/p><br\\\/>\n\n<p>\\n   \\nGef\\u00f6rdert wird das Projekt, das bei der GeTS \\u2013 Gesellschaft f\\u00fcr Transformationsmanagement angesiedelt ist, mit 7,1 Mio. Euro durch das Bundesministerium f\\u00fcr Wirtschaft und Klimaschutz.\\n<\\\/p><br\\\/>\n\n<p>\\nAls Projekttr\\u00e4ger fungiert VDI\\\/VDE Innovation + Technik GmbH.\\nAusf\\u00fchrliche Informationen zu unserem Projekt und den Partnern finden Sie auf unserer Website: <a href=\\\"https:\\\/\\\/trasaar.saarland\\\" target=\\\"_blank\\\">www.trasaar.saarland<\\\/a><\\\/p>\",\"margin\":\"default\"}}]}]}],\"name\":\"Projekt\"},{\"type\":\"section\",\"props\":{\"id\":\"projekt\",\"image\":\"wp-content\\\/uploads\\\/2023\\\/03\\\/bg-trasaar.png\",\"image_position\":\"center-center\",\"style\":\"muted\",\"title_breakpoint\":\"xl\",\"title_position\":\"top-left\",\"title_rotation\":\"left\",\"vertical_align\":\"\",\"width\":\"xsmall\"},\"children\":[{\"type\":\"row\",\"props\":{\"margin\":\"large\"},\"children\":[{\"type\":\"column\",\"props\":{\"image_position\":\"center-center\",\"position_sticky_breakpoint\":\"m\",\"width_medium\":\"1-1\"},\"children\":[{\"type\":\"headline\",\"props\":{\"content\":\"Das Projekt\",\"maxwidth\":\"medium\",\"title_element\":\"div\",\"title_style\":\"h1\"}},{\"type\":\"divider\",\"props\":{\"divider_element\":\"div\",\"divider_style\":\"small\"}}]}]},{\"type\":\"row\",\"children\":[{\"type\":\"column\",\"props\":{\"css\":\"@media (max-width: 719px) {\\n    .el-column {\\n    margin-top: -30px;\\n    }\\n\\n}\",\"image_position\":\"center-center\",\"position_sticky_breakpoint\":\"m\"},\"children\":[{\"type\":\"text\",\"props\":{\"class\":\"uk-visible@m\",\"column_breakpoint\":\"m\",\"content\":\"\n\n<p><strong>Das Saarland steht heute vor einer enormen wirtschaftlichen <\\\/strong><strong>Herausforderung. Die technologischen und gesellschaftlichen <\\\/strong><strong>Ver\\u00e4nderungen durch sich \\u00e4ndernde Energietr\\u00e4ger und massive <\\\/strong><strong>Ver\\u00e4nderungen bei der Mobilit\\u00e4t beeinflussen Unternehmen, <\\\/strong><strong>Arbeitnehmer und Gesellschaft mit einer nie dagewesenen Dynamik. Insbesondere der Wandel vom Verbrennungsmotor hin zur <\\\/strong><strong>nachhaltigen, innovativen Mobilit\\u00e4t wird zu massiven Ver\\u00e4nderungen f\\u00fchren. Damit das Saarland auch weiterhin ein attraktiver <\\\/strong><strong>Unternehmensstandort bleibt und Arbeitspl\\u00e4tze erhalten werden <\\\/strong><strong>k\\u00f6nnen, wurde das Projekt TraSaar ins Leben gerufen.<\\\/strong><\\\/p>\\n<br \/>\\n\n\n<p>Zu diesem Zwecke arbeiten die <span>Projektpartner Arbeitskammer des Saarlandes, autoregion e.V, IG Metall Transformationswerkstatt Saar, Ministerium f\\u00fcr Arbeit, Soziales, Frauen und Gesundheit, Ministerium f\\u00fcr Wirtschaft, Innovation, Digitales und Energie, IHK Saarland und ZeMA Zentrum f\\u00fcr Mechatronik und Automatisierungstechnik<\\\/span>\\u00a0eng mit ExpertInnen aus Forschung, Politik und Unternehmen zusammen, um Strategien und konkrete Ans\\u00e4tze f\\u00fcr die erfolgreiche Transformation unserer Region auf den Weg zu bringen.<\\\/p>\\n<br \/>\\n\n\n<p>Gef\\u00f6rdert wird das Projekt, das bei der GeTS - Gesellschaft f\\u00fcr Transformationsmanagement Saar - angesiedelt ist, mit 7,1 Mio. Euro durch das Bundesministerium f\\u00fcr Wirtschaft und Energie. Als Projekttr\\u00e4ger fungiert VDI\\\/VDE Innovation + Technik GmbH. Ausf\\u00fchrliche Informationen zu unserem Projekt und den Partnern finden Sie auf der Webseite <a href=\\\"https:\\\/\\\/www.trasaar.saarland\\\">www.trasaar.saarland<\\\/a>.<\\\/p>\",\"margin\":\"default\",\"text_style\":\"lead\"}},{\"type\":\"text\",\"props\":{\"class\":\"uk-hidden@m\",\"column_breakpoint\":\"m\",\"content\":\"\n\n<p style=\\\"font-weight: bold;\\\">Die saarl\\u00e4ndische Wirtschaft, insbesondere die Automobil- und Zuliefererindustrie, befindet sich inmitten eines tiefgreifenden Transformationsprozesses. Da die saarl\\u00e4ndische Automobilindustrie noch in hohem Ma\\u00dfe vom Verbrennungsmotor abh\\u00e4ngig ist, geht der grundlegende Umbruch mit enormen Auswirkungen auf die Unternehmen und deren Besch\\u00e4ftigte einher. Um die Transformation in der Region voranzutreiben wurde das \\u201eTransformationsnetzwerk TraSaar\\u201c gegr\\u00fcndet.<\\\/p><br\\\/>\n\n<p>\\n\\nZu diesem Zwecke arbeiten die Projektpartner Arbeitskammer des Saarlandes, autoregion e.V, IG Metall \\u2013 Transformationswerkstatt Saar, IHK Saarland, Ministerium f\\u00fcr Wirtschaft, Innovation, Digitales und Energie und ZeMa \\u2013 Zentrum f\\u00fcr Mechatronik und Automatisierungstechnik eng mit ExpertInnen aus Forschung, Politik und Unternehmen zusammen, um Strategien und konkrete Ans\\u00e4tze f\\u00fcr die erfolgreiche Transformation unserer Region auf den Weg zu bringen.\\n<\\\/p><br\\\/>\n\n<p>\\n   \\nGef\\u00f6rdert wird das Projekt, das bei der GeTS \\u2013 Gesellschaft f\\u00fcr Transformationsmanagement angesiedelt ist, mit 7,1 Mio. Euro durch das Bundesministerium f\\u00fcr Wirtschaft und Klimaschutz.\\n<\\\/p><br\\\/>\n\n<p>\\nAls Projekttr\\u00e4ger fungiert VDI\\\/VDE Innovation + Technik GmbH.\\nAusf\\u00fchrliche Informationen zu unserem Projekt und den Partnern finden Sie auf unserer Website: <a href=\\\"https:\\\/\\\/trasaar.saarland\\\" target=\\\"_blank\\\">www.trasaar.saarland<\\\/a><\\\/p>\",\"margin\":\"default\"}}]}]}],\"name\":\"Projekt\"},{\"type\":\"section\",\"props\":{\"css\":\"@media (min-width: 720px) and (max-width: 1024px) {\\n    .el-section {\\n    height: 200px;\\n    }\\n    .uk-background-cover {\\n    height: 200px; \\n    }\\n}\\n@media (min-width: 1025px) {\\n.el-section {\\n    height: 400px;\\n    }\\n    .uk-background-cover {\\n    height: 400px; \\n    }\\n}\\n@media (max-width: 719px) {\\n.el-section {\\n    height: 200px;\\n    }\\n    .uk-background-cover {\\n    height: 200px; \\n    }\\n}\",\"image\":\"wp-content\\\/uploads\\\/2023\\\/03\\\/stoerer.jpg\",\"image_position\":\"center-center\",\"image_size\":\"cover\",\"style\":\"default\",\"title_breakpoint\":\"xl\",\"title_position\":\"top-left\",\"title_rotation\":\"left\",\"vertical_align\":\"\",\"width\":\"\"},\"children\":[{\"type\":\"row\",\"children\":[{\"type\":\"column\",\"props\":{\"image_position\":\"center-center\",\"position_sticky_breakpoint\":\"m\"}}]}]},{\"type\":\"section\",\"props\":{\"id\":\"veranstaltung\",\"image\":\"wp-content\\\/uploads\\\/2023\\\/03\\\/bg-trasaar.png\",\"image_position\":\"center-center\",\"style\":\"muted\",\"title_breakpoint\":\"xl\",\"title_position\":\"top-left\",\"title_rotation\":\"left\",\"vertical_align\":\"\",\"width\":\"xsmall\"},\"children\":[{\"type\":\"row\",\"props\":{\"margin\":\"large\",\"margin_remove_bottom\":false},\"children\":[{\"type\":\"column\",\"props\":{\"image_position\":\"center-center\",\"position_sticky_breakpoint\":\"m\",\"width_medium\":\"1-1\"},\"children\":[{\"type\":\"headline\",\"props\":{\"content\":\"Veranstaltung\",\"maxwidth\":\"medium\",\"title_element\":\"div\",\"title_style\":\"h1\"}},{\"type\":\"divider\",\"props\":{\"divider_element\":\"div\",\"divider_style\":\"small\"}}]}]},{\"type\":\"row\",\"children\":[{\"type\":\"column\",\"props\":{\"css\":\"@media (max-width: 719px) {\\n    .el-column {\\n    margin-top: -30px;\\n    }\\n\\n}\",\"image_position\":\"center-center\",\"position_sticky_breakpoint\":\"m\"},\"children\":[{\"type\":\"text\",\"props\":{\"class\":\"uk-visible@m\",\"column_breakpoint\":\"m\",\"content\":\"\n\n<p>Werfen Sie mit uns einen Blick in die Entwicklung des Wirtschaftsstandorts Saarland<br \\\/>und wie wir die aktuelle Transformation als Chance sehen k\\u00f6nnen. Erfahren Sie von<br \\\/>Zukunftsforscher Jan Berger, wie wir Potentiale im Wandel der Industrie erkennen<br \\\/>und gemeinsam sowohl die wirtschaftliche als auch die gesellschaftliche<br \\\/>Transformation positiv gestalten k\\u00f6nnen. Begleiten Sie die Podiumsdiskussion<br \\\/>gemeinsam mit Moderatorin Louisa Schlang und nutzen Sie die M\\u00f6glichkeit, sich<br \\\/>beim anschlie\\u00dfenden Get Together zu vernetzen.<\\\/p>\\n\n\n<p><\\\/p>\\n\n\n<p>Wir freuen uns, Sie am Freitag, 14.11.2025 in der Aula Sulzbach begr\\u00fc\\u00dfen zu d\\u00fcrfen.<\\\/p>\",\"margin\":\"default\",\"text_style\":\"lead\"}},{\"type\":\"text\",\"props\":{\"class\":\"uk-hidden@m\",\"column_breakpoint\":\"m\",\"content\":\"\n\n<p>Wagen Sie mit uns einen Blick in die Zukunft des Wirtschaftsstandorts Saarland. Informieren Sie sich \\u00fcber aktuelle Entwicklungen der Automotive Branche in der Gro\\u00dfregion und erfahren Sie von Wirtschaftspsychologen Prof. Dr. Carsten Schermuly, wie die Zukunft der Arbeit mit psychologischem Empowerment gestaltet werden kann. Erhalten Sie Einblicke in die Themen Wasserstoffwirtschaft und Leichtbau und nutzen Sie die Chance, sich beim anschlie\\u00dfenden Get Together zu vernetzen.<\\\/p>\\n\n\n<p><br\\\/><\\\/p>\\n\n\n<p>Wir freuen uns, sie am Mittwoch, 25.09.2024 im Theater am Ring begr\\u00fc\\u00dfen zu d\\u00fcrfen.<\\\/p>\",\"margin\":\"default\"}},{\"type\":\"button\",\"props\":{\"attributes\":\"uk-scroll\",\"button_size\":\"large\",\"class\":\"uk-visible@l\",\"grid_column_gap\":\"small\",\"grid_row_gap\":\"small\",\"margin\":\"large\"},\"children\":[{\"type\":\"button_item\",\"props\":{\"button_style\":\"primary\",\"content\":\"Jetzt Anmelden\",\"dialog_layout\":\"modal\",\"dialog_offcanvas_flip\":true,\"icon_align\":\"left\",\"link\":\"#anmelden\"}}]},{\"type\":\"button\",\"props\":{\"attributes\":\"uk-scroll\",\"button_size\":\"large\",\"class\":\"uk-hidden@l uk-visible@m\",\"grid_column_gap\":\"small\",\"grid_row_gap\":\"small\",\"margin\":\"large\"},\"children\":[{\"type\":\"button_item\",\"props\":{\"button_style\":\"primary\",\"content\":\"Jetzt anmelden\",\"dialog_layout\":\"modal\",\"dialog_offcanvas_flip\":true,\"icon_align\":\"left\",\"link\":\"#anmelden_tablet\"}}]},{\"type\":\"button\",\"props\":{\"button_size\":\"large\",\"class\":\"uk-hidden@m\",\"grid_column_gap\":\"small\",\"grid_row_gap\":\"small\",\"margin\":\"large\"},\"children\":[{\"type\":\"button_item\",\"props\":{\"button_style\":\"primary\",\"content\":\"Jetzt anmelden\",\"dialog_layout\":\"modal\",\"dialog_offcanvas_flip\":true,\"icon_align\":\"left\",\"link\":\"#anmelden_handy\"}}]}]}],\"props\":{\"margin_remove_top\":true}}],\"name\":\"Veranstaltung\"},{\"name\":\"Programm\",\"type\":\"section\",\"props\":{\"css\":\".el-section { background-image: none; }\",\"header_transparent\":true,\"header_transparent_text_color\":\"dark\",\"id\":\"programm\",\"image_effect\":\"parallax\",\"image_loading\":true,\"image_parallax_bgy\":\"0,500\",\"image_parallax_breakpoint\":\"m\",\"image_parallax_easing\":\"1\",\"image_position\":\"top-left\",\"media_visibility\":\"m\",\"padding_remove_bottom\":false,\"padding_remove_top\":false,\"style\":\"secondary\",\"title_breakpoint\":\"xl\",\"title_position\":\"top-left\",\"title_rotation\":\"left\",\"vertical_align\":\"\",\"width\":\"default\"},\"children\":[{\"type\":\"row\",\"props\":{\"margin\":\"large\"},\"children\":[{\"type\":\"column\",\"props\":{\"image_position\":\"center-center\",\"position_sticky_breakpoint\":\"m\",\"width_medium\":\"1-1\"},\"children\":[{\"type\":\"headline\",\"props\":{\"content\":\"Ablauf Jahresveranstaltung\",\"maxwidth\":\"medium\",\"title_element\":\"div\",\"title_style\":\"h1\"}},{\"type\":\"divider\",\"props\":{\"divider_element\":\"div\",\"divider_style\":\"small\"}}]}]},{\"type\":\"row\",\"props\":{\"layout\":\"large,expand\",\"width\":\"default\"},\"children\":[{\"type\":\"column\",\"props\":{\"image_position\":\"center-center\",\"position_sticky_breakpoint\":\"m\",\"width_medium\":\"1-5\"},\"children\":[{\"type\":\"headline\",\"props\":{\"content\":\"12:00\",\"title_element\":\"div\",\"title_style\":\"h2\"}}]},{\"type\":\"column\",\"props\":{\"image_position\":\"center-center\",\"position_sticky_breakpoint\":\"m\",\"vertical_align\":\"middle\",\"width_medium\":\"expand\"},\"children\":[{\"type\":\"headline\",\"props\":{\"content\":\"\n\n<p><strong>Einlass<\\\/strong><\\\/p>\\n\n\n<p>Anmeldung und Markt der M\\u00f6glichkeiten<\\\/p>\",\"css\":\"@media (max-width: 719px) {\\n    .el-element {\\n        margin-top: -20px;\\n    font-size: 16px;\\n    }\\n}\",\"title_element\":\"div\",\"title_style\":\"text-lead\"}}]}]},{\"type\":\"row\",\"props\":{\"margin\":\"medium\",\"width\":\"default\"},\"children\":[{\"type\":\"column\",\"props\":{\"image_position\":\"center-center\",\"position_sticky_breakpoint\":\"m\",\"width_medium\":\"1-1\"},\"children\":[{\"type\":\"divider\",\"props\":{\"divider_element\":\"hr\"}}]}]},{\"type\":\"row\",\"props\":{\"layout\":\"large,expand\",\"width\":\"default\"},\"children\":[{\"type\":\"column\",\"props\":{\"image_position\":\"center-center\",\"position_sticky_breakpoint\":\"m\",\"width_medium\":\"1-5\"},\"children\":[{\"type\":\"headline\",\"props\":{\"content\":\"13:00\",\"title_element\":\"div\",\"title_style\":\"h2\"}}]},{\"type\":\"column\",\"props\":{\"image_position\":\"center-center\",\"position_sticky_breakpoint\":\"m\",\"vertical_align\":\"middle\",\"width_medium\":\"expand\"},\"children\":[{\"type\":\"headline\",\"props\":{\"content\":\"\n\n<p><strong>Er\\u00f6ffnung und Begr\\u00fc\\u00dfung<\\\/strong><\\\/p>\\n\n\n<p>Staatssekret\\u00e4rin Bettina Altesleben, MASFG | Alexander Hauck, Gesch\\u00e4ftsf\\u00fchrer GeTS<\\\/p>\",\"css\":\"@media (max-width: 719px) {\\n    .el-element {\\n        margin-top: -20px;\\n    font-size: 16px;\\n    }\\n}\",\"title_element\":\"div\",\"title_style\":\"text-lead\"}}]}]},{\"type\":\"row\",\"props\":{\"margin\":\"medium\",\"width\":\"default\"},\"children\":[{\"type\":\"column\",\"props\":{\"image_position\":\"center-center\",\"position_sticky_breakpoint\":\"m\",\"width_medium\":\"1-1\"},\"children\":[{\"type\":\"divider\",\"props\":{\"divider_element\":\"hr\"}}]}]},{\"type\":\"row\",\"props\":{\"layout\":\"large,expand\",\"width\":\"default\"},\"children\":[{\"type\":\"column\",\"props\":{\"image_position\":\"center-center\",\"position_sticky_breakpoint\":\"m\",\"width_medium\":\"1-5\"},\"children\":[{\"type\":\"headline\",\"props\":{\"content\":\"13:20\",\"title_element\":\"div\",\"title_style\":\"h2\"}}]},{\"type\":\"column\",\"props\":{\"image_position\":\"center-center\",\"position_sticky_breakpoint\":\"m\",\"vertical_align\":\"middle\",\"width_medium\":\"expand\"},\"children\":[{\"type\":\"headline\",\"props\":{\"content\":\"\n\n<p><strong>Das Projekt TraSaar: Fakten und Ergebnisse<\\\/strong><\\\/p>\\n\n\n<p>R\\u00fcckblick auf 4 Jahre TraSaar<\\\/p>\",\"css\":\"@media (max-width: 719px) {\\n    .el-element {\\n        margin-top: -20px;\\n    font-size: 16px;\\n    }\\n}\",\"title_element\":\"div\",\"title_style\":\"text-lead\"}}]}]},{\"type\":\"row\",\"props\":{\"margin\":\"medium\",\"width\":\"default\"},\"children\":[{\"type\":\"column\",\"props\":{\"image_position\":\"center-center\",\"position_sticky_breakpoint\":\"m\",\"width_medium\":\"1-1\"},\"children\":[{\"type\":\"divider\",\"props\":{\"divider_element\":\"hr\"}}]}]},{\"type\":\"row\",\"props\":{\"layout\":\"large,expand\",\"margin\":\"medium\",\"width\":\"default\"},\"children\":[{\"type\":\"column\",\"props\":{\"image_position\":\"center-center\",\"position_sticky_breakpoint\":\"m\",\"vertical_align\":\"middle\",\"width_medium\":\"1-5\"},\"children\":[{\"type\":\"headline\",\"props\":{\"content\":\"13:45\",\"title_element\":\"div\",\"title_style\":\"h2\"}}]},{\"type\":\"column\",\"props\":{\"image_position\":\"center-center\",\"position_sticky_breakpoint\":\"m\",\"vertical_align\":\"middle\",\"width_medium\":\"expand\"},\"children\":[{\"type\":\"headline\",\"props\":{\"content\":\"\n\n<p><b>Qualifizierung gestalten \\u2013 Das Weiterbildungsportal als Instrument im Wandel<\\\/b><\\\/p>\\n\n\n<p>Pr\\u00e4sentation der Arbeitskammer<\\\/p>\",\"css\":\"@media (max-width: 719px) {\\n    .el-element {\\n        margin-top: -20px;\\n    font-size: 16px;\\n    }\\n}\",\"title_element\":\"div\",\"title_style\":\"text-lead\"}}]}]},{\"type\":\"row\",\"props\":{\"margin\":\"remove-vertical\",\"width\":\"default\"},\"children\":[{\"type\":\"column\",\"props\":{\"image_position\":\"center-center\",\"position_sticky_breakpoint\":\"m\",\"width_medium\":\"1-1\"},\"children\":[{\"type\":\"divider\",\"props\":{\"divider_element\":\"hr\"}}]}]},{\"type\":\"row\",\"props\":{\"layout\":\"large,expand\",\"width\":\"default\"},\"children\":[{\"type\":\"column\",\"props\":{\"image_position\":\"center-center\",\"position_sticky_breakpoint\":\"m\",\"vertical_align\":\"middle\",\"width_medium\":\"1-5\"},\"children\":[{\"type\":\"headline\",\"props\":{\"content\":\"14:15\",\"title_element\":\"div\",\"title_style\":\"h2\"}}]},{\"type\":\"column\",\"props\":{\"image_position\":\"center-center\",\"position_sticky_breakpoint\":\"m\",\"vertical_align\":\"middle\",\"width_medium\":\"expand\"},\"children\":[{\"type\":\"headline\",\"props\":{\"content\":\"\n\n<p><strong>Keynote \\u201eVom Strukturwandel<\\\/strong><br \\\/><strong>zur Strukturmacht\\u201c<\\\/strong><\\\/p>\\nJan Berger, Gr\\u00fcnder und CEO von Themis Foresight\\\/Berlin, Zukunftsforscher und Autor\",\"css\":\"@media (max-width: 719px) {\\n    .el-element {\\n        margin-top: -20px;\\n    font-size: 16px;\\n    }\\n}\",\"title_element\":\"div\",\"title_style\":\"text-lead\"}}]}]},{\"type\":\"row\",\"props\":{\"width\":\"default\"},\"children\":[{\"type\":\"column\",\"props\":{\"image_position\":\"center-center\",\"position_sticky_breakpoint\":\"m\",\"width_medium\":\"1-1\"},\"children\":[{\"type\":\"divider\",\"props\":{\"divider_element\":\"hr\",\"margin\":\"medium\"}}]}]},{\"type\":\"row\",\"props\":{\"layout\":\"large,expand\",\"width\":\"default\"},\"children\":[{\"type\":\"column\",\"props\":{\"image_position\":\"center-center\",\"position_sticky_breakpoint\":\"m\",\"vertical_align\":\"middle\",\"width_medium\":\"1-5\"},\"children\":[{\"type\":\"headline\",\"props\":{\"content\":\"15:00\",\"title_element\":\"div\",\"title_style\":\"h2\"}}]},{\"type\":\"column\",\"props\":{\"image_position\":\"center-center\",\"position_sticky_breakpoint\":\"m\",\"vertical_align\":\"middle\",\"width_medium\":\"expand\"},\"children\":[{\"type\":\"headline\",\"props\":{\"content\":\"\n\n<p><strong>Podiumsdiskussion<br \\\/><\\\/strong>Keyspeaker Jan Berger und weitere G\\u00e4ste aus Wirtschaft und Politik. Moderation: Louisa Schlang<strong><br \\\/><\\\/strong><\\\/p>\",\"css\":\"@media (max-width: 719px) {\\n    .el-element {\\n        margin-top: -20px;\\n    font-size: 16px;\\n    }\\n}\",\"title_element\":\"div\",\"title_style\":\"text-lead\"}}]}]},{\"type\":\"row\",\"props\":{\"width\":\"default\"},\"children\":[{\"type\":\"column\",\"props\":{\"image_position\":\"center-center\",\"position_sticky_breakpoint\":\"m\",\"width_medium\":\"1-1\"},\"children\":[{\"type\":\"divider\",\"props\":{\"divider_element\":\"hr\",\"margin\":\"medium\"}}]}]},{\"type\":\"row\",\"props\":{\"layout\":\"large,expand\",\"width\":\"default\"},\"children\":[{\"type\":\"column\",\"props\":{\"image_position\":\"center-center\",\"position_sticky_breakpoint\":\"m\",\"vertical_align\":\"middle\",\"width_medium\":\"1-5\"},\"children\":[{\"type\":\"headline\",\"props\":{\"content\":\"16:00\",\"title_element\":\"div\",\"title_style\":\"h2\"}}]},{\"type\":\"column\",\"props\":{\"image_position\":\"center-center\",\"position_sticky_breakpoint\":\"m\",\"vertical_align\":\"middle\",\"width_medium\":\"expand\"},\"children\":[{\"type\":\"headline\",\"props\":{\"content\":\"\n\n<p><strong>M\\u00f6glichkeit zur Vernetzung<br \\\/><\\\/strong>beim Get Together<\\\/p>\",\"css\":\"@media (max-width: 719px) {\\n    .el-element {\\n        margin-top: -20px;\\n    font-size: 16px;\\n    }\\n}\",\"title_element\":\"div\",\"title_style\":\"text-lead\"}}]}]}]},{\"name\":\"Speaker\",\"type\":\"section\",\"props\":{\"animation\":\"slide-bottom-medium\",\"animation_delay\":\"200\",\"id\":\"speaker\",\"image_position\":\"center-center\",\"image_size\":\"cover\",\"padding_remove_bottom\":false,\"padding_remove_top\":false,\"status\":\"disabled\",\"style\":\"secondary\",\"title_breakpoint\":\"xl\",\"title_position\":\"top-left\",\"title_rotation\":\"left\",\"vertical_align\":\"\",\"width\":\"default\"},\"children\":[{\"type\":\"row\",\"props\":{\"margin\":\"large\"},\"children\":[{\"type\":\"column\",\"props\":{\"image_position\":\"center-center\",\"position_sticky_breakpoint\":\"m\",\"width_medium\":\"1-1\"},\"children\":[{\"type\":\"headline\",\"props\":{\"content\":\"Speaker\",\"maxwidth\":\"medium\",\"title_element\":\"div\",\"title_style\":\"h1\"}},{\"type\":\"divider\",\"props\":{\"divider_element\":\"div\",\"divider_style\":\"small\"}}]}]},{\"type\":\"row\",\"props\":{\"layout\":\"1-4,1-4,1-4,1-4|1-2,1-2,1-2,1-2\"},\"children\":[{\"type\":\"column\",\"props\":{\"image_position\":\"center-center\",\"position_sticky_breakpoint\":\"m\",\"width_large\":\"1-4\",\"width_medium\":\"1-2\",\"width_small\":\"1-2\"},\"children\":[{\"type\":\"panel\",\"props\":{\"content_column_breakpoint\":\"m\",\"icon_width\":80,\"image\":\"wp-content\\\/uploads\\\/2023\\\/03\\\/barke.png\",\"image_align\":\"top\",\"image_box_shadow\":\"medium\",\"image_grid_breakpoint\":\"m\",\"image_grid_width\":\"1-2\",\"image_height\":\"780\",\"image_hover_box_shadow\":\"large\",\"image_link\":true,\"image_svg_color\":\"emphasis\",\"image_width\":\"609\",\"link_style\":\"default\",\"link_text\":\"\",\"margin\":\"default\",\"meta\":\"Wirtschaftsminister des Saarlandes\",\"meta_align\":\"below-title\",\"meta_color\":\"muted\",\"meta_element\":\"div\",\"meta_margin\":\"remove\",\"meta_style\":\"\",\"title\":\"J\\u00fcrgen Barke\",\"title_align\":\"top\",\"title_element\":\"h3\",\"title_grid_breakpoint\":\"m\",\"title_grid_width\":\"1-2\",\"title_hover_style\":\"reset\",\"title_link\":true}}]},{\"type\":\"column\",\"props\":{\"image_position\":\"center-center\",\"position_sticky_breakpoint\":\"m\",\"width_large\":\"1-4\",\"width_medium\":\"1-2\",\"width_small\":\"1-2\"},\"children\":[{\"type\":\"panel\",\"props\":{\"content_column_breakpoint\":\"m\",\"icon_width\":80,\"image\":\"wp-content\\\/uploads\\\/2023\\\/03\\\/benner.jpg\",\"image_align\":\"top\",\"image_box_shadow\":\"medium\",\"image_grid_breakpoint\":\"m\",\"image_grid_width\":\"1-2\",\"image_height\":\"780\",\"image_hover_box_shadow\":\"large\",\"image_link\":true,\"image_svg_color\":\"emphasis\",\"image_width\":\"608\",\"link_style\":\"default\",\"link_text\":\"\",\"margin\":\"default\",\"meta\":\"Stellvertretende Vorsitzende der IG Metall\",\"meta_align\":\"below-title\",\"meta_color\":\"muted\",\"meta_element\":\"div\",\"meta_margin\":\"remove\",\"meta_style\":\"\",\"title\":\"Christiane Benner\",\"title_align\":\"top\",\"title_element\":\"h3\",\"title_grid_breakpoint\":\"m\",\"title_grid_width\":\"1-2\",\"title_hover_style\":\"reset\",\"title_link\":true}}]},{\"type\":\"column\",\"props\":{\"image_position\":\"center-center\",\"position_sticky_breakpoint\":\"m\",\"width_large\":\"1-4\",\"width_medium\":\"1-2\",\"width_small\":\"1-2\"},\"children\":[{\"type\":\"panel\",\"props\":{\"content_column_breakpoint\":\"m\",\"icon_width\":80,\"image\":\"wp-content\\\/uploads\\\/2023\\\/03\\\/fuss.jpg\",\"image_align\":\"top\",\"image_box_shadow\":\"medium\",\"image_grid_breakpoint\":\"m\",\"image_grid_width\":\"1-2\",\"image_height\":\"780\",\"image_hover_box_shadow\":\"large\",\"image_link\":true,\"image_svg_color\":\"emphasis\",\"image_width\":\"608\",\"link_style\":\"default\",\"link_text\":\"\",\"margin\":\"default\",\"meta\":\"Senior Advisory Partner Automotive EY\",\"meta_align\":\"below-title\",\"meta_color\":\"muted\",\"meta_element\":\"div\",\"meta_margin\":\"remove\",\"meta_style\":\"\",\"title\":\"Peter Fu\\u00df\",\"title_align\":\"top\",\"title_element\":\"h3\",\"title_grid_breakpoint\":\"m\",\"title_grid_width\":\"1-2\",\"title_hover_style\":\"reset\",\"title_link\":true}}]},{\"type\":\"column\",\"props\":{\"image_position\":\"center-center\",\"position_sticky_breakpoint\":\"m\",\"width_large\":\"1-4\",\"width_medium\":\"1-2\",\"width_small\":\"1-2\"},\"children\":[{\"type\":\"panel\",\"props\":{\"content_column_breakpoint\":\"m\",\"icon_width\":80,\"image\":\"wp-content\\\/uploads\\\/2023\\\/03\\\/haendeler.jpg\",\"image_align\":\"top\",\"image_box_shadow\":\"medium\",\"image_grid_breakpoint\":\"m\",\"image_grid_width\":\"1-2\",\"image_height\":\"780\",\"image_hover_box_shadow\":\"large\",\"image_link\":true,\"image_svg_color\":\"emphasis\",\"image_width\":\"608\",\"link_style\":\"default\",\"link_text\":\"\",\"margin\":\"default\",\"meta\":\"Wirtschaftsjournalist und Zukunftsforscher\",\"meta_align\":\"below-title\",\"meta_color\":\"muted\",\"meta_element\":\"div\",\"meta_margin\":\"remove\",\"meta_style\":\"\",\"title\":\"Erik H\\u00e4ndeler\",\"title_align\":\"top\",\"title_element\":\"h3\",\"title_grid_breakpoint\":\"m\",\"title_grid_width\":\"1-2\",\"title_hover_style\":\"reset\",\"title_link\":true}}]}]},{\"type\":\"row\",\"props\":{\"layout\":\"1-4,1-4,1-4,1-4|1-2,1-2,1-2,1-2\"},\"children\":[{\"type\":\"column\",\"props\":{\"image_position\":\"center-center\",\"position_sticky_breakpoint\":\"m\",\"width_large\":\"1-4\",\"width_medium\":\"1-2\",\"width_small\":\"1-2\"},\"children\":[{\"type\":\"panel\",\"props\":{\"content_column_breakpoint\":\"m\",\"icon_width\":80,\"image\":\"wp-content\\\/uploads\\\/2023\\\/03\\\/knaf.jpg\",\"image_align\":\"top\",\"image_box_shadow\":\"medium\",\"image_grid_breakpoint\":\"m\",\"image_grid_width\":\"1-2\",\"image_height\":\"780\",\"image_hover_box_shadow\":\"large\",\"image_link\":true,\"image_svg_color\":\"emphasis\",\"image_width\":\"608\",\"link_style\":\"default\",\"link_text\":\"\",\"margin\":\"default\",\"meta\":\"Cluster Manager TraSaar \\u2013 GeTS\",\"meta_align\":\"below-title\",\"meta_color\":\"muted\",\"meta_element\":\"div\",\"meta_margin\":\"remove\",\"meta_style\":\"\",\"title\":\"Mario Knaf\",\"title_align\":\"top\",\"title_element\":\"h3\",\"title_grid_breakpoint\":\"m\",\"title_grid_width\":\"1-2\",\"title_hover_style\":\"reset\",\"title_link\":true}}]},{\"type\":\"column\",\"props\":{\"image_position\":\"center-center\",\"position_sticky_breakpoint\":\"m\",\"width_large\":\"1-4\",\"width_medium\":\"1-2\",\"width_small\":\"1-2\"},\"children\":[{\"type\":\"panel\",\"props\":{\"content_column_breakpoint\":\"m\",\"icon_width\":80,\"image\":\"wp-content\\\/uploads\\\/2023\\\/03\\\/laufer.jpg\",\"image_align\":\"top\",\"image_box_shadow\":\"medium\",\"image_grid_breakpoint\":\"m\",\"image_grid_width\":\"1-2\",\"image_height\":\"780\",\"image_hover_box_shadow\":\"large\",\"image_link\":true,\"image_svg_color\":\"emphasis\",\"image_width\":\"608\",\"link_style\":\"default\",\"link_text\":\"\",\"margin\":\"default\",\"meta\":\"Gesch\\u00e4ftsf\\u00fchrer \\u2013 GeTS\",\"meta_align\":\"below-title\",\"meta_color\":\"muted\",\"meta_element\":\"div\",\"meta_margin\":\"remove\",\"meta_style\":\"\",\"title\":\"Harry Laufer\",\"title_align\":\"top\",\"title_element\":\"h3\",\"title_grid_breakpoint\":\"m\",\"title_grid_width\":\"1-2\",\"title_hover_style\":\"reset\",\"title_link\":true}}]},{\"type\":\"column\",\"props\":{\"image_position\":\"center-center\",\"position_sticky_breakpoint\":\"m\",\"width_large\":\"1-4\",\"width_medium\":\"1-2\",\"width_small\":\"1-2\"},\"children\":[{\"type\":\"panel\",\"props\":{\"content_column_breakpoint\":\"m\",\"icon_width\":80,\"image\":\"wp-content\\\/uploads\\\/2023\\\/03\\\/otto.jpg\",\"image_align\":\"top\",\"image_box_shadow\":\"medium\",\"image_grid_breakpoint\":\"m\",\"image_grid_width\":\"1-2\",\"image_height\":\"780\",\"image_hover_box_shadow\":\"large\",\"image_link\":true,\"image_svg_color\":\"emphasis\",\"image_width\":\"609\",\"link_style\":\"default\",\"link_text\":\"\",\"margin\":\"default\",\"meta\":\"Hauptgesch\\u00e4ftsf\\u00fchrer \\u2013 Arbeitskammer des Saarlandes\",\"meta_align\":\"below-title\",\"meta_color\":\"muted\",\"meta_element\":\"div\",\"meta_margin\":\"remove\",\"meta_style\":\"\",\"title\":\"Thomas Otto\",\"title_align\":\"top\",\"title_element\":\"h3\",\"title_grid_breakpoint\":\"m\",\"title_grid_width\":\"1-2\",\"title_hover_style\":\"reset\",\"title_link\":true}}]},{\"type\":\"column\",\"props\":{\"image_position\":\"center-center\",\"position_sticky_breakpoint\":\"m\",\"width_large\":\"1-4\",\"width_medium\":\"1-2\",\"width_small\":\"1-2\"},\"children\":[{\"type\":\"panel\",\"props\":{\"content_column_breakpoint\":\"m\",\"icon_width\":80,\"image\":\"wp-content\\\/uploads\\\/2023\\\/03\\\/thome.jpg\",\"image_align\":\"top\",\"image_box_shadow\":\"medium\",\"image_grid_breakpoint\":\"m\",\"image_grid_width\":\"1-2\",\"image_height\":\"780\",\"image_hover_box_shadow\":\"large\",\"image_link\":true,\"image_svg_color\":\"emphasis\",\"image_width\":\"609\",\"link_style\":\"default\",\"link_text\":\"\",\"margin\":\"default\",\"meta\":\"Hauptgesch\\u00e4ftsf\\u00fchrer IHK Saarland\",\"meta_align\":\"below-title\",\"meta_color\":\"muted\",\"meta_element\":\"div\",\"meta_margin\":\"remove\",\"meta_style\":\"\",\"title\":\"Dr. Frank Thom\\u00e9\",\"title_align\":\"top\",\"title_element\":\"h3\",\"title_grid_breakpoint\":\"m\",\"title_grid_width\":\"1-2\",\"title_hover_style\":\"reset\",\"title_link\":true}}]}]}]},{\"name\":\"Speaker\",\"type\":\"section\",\"props\":{\"animation\":\"slide-bottom-medium\",\"animation_delay\":\"200\",\"id\":\"speaker\",\"image_position\":\"center-center\",\"image_size\":\"cover\",\"padding_remove_bottom\":false,\"padding_remove_top\":false,\"style\":\"secondary\",\"title_breakpoint\":\"xl\",\"title_position\":\"top-left\",\"title_rotation\":\"left\",\"vertical_align\":\"\",\"width\":\"default\"},\"children\":[{\"type\":\"row\",\"props\":{\"margin\":\"large\"},\"children\":[{\"type\":\"column\",\"props\":{\"image_position\":\"center-center\",\"position_sticky_breakpoint\":\"m\",\"width_medium\":\"1-1\"},\"children\":[{\"type\":\"headline\",\"props\":{\"content\":\"Keyspeaker &amp; Moderatorin\",\"maxwidth\":\"large\",\"title_element\":\"div\",\"title_style\":\"h1\"}},{\"type\":\"divider\",\"props\":{\"divider_element\":\"div\",\"divider_style\":\"small\"}}]}]},{\"type\":\"row\",\"props\":{\"layout\":\"1-4,1-4,1-4,1-4|1-2,1-2,1-2,1-2\"},\"children\":[{\"type\":\"column\",\"props\":{\"image_position\":\"center-center\",\"position_sticky_breakpoint\":\"m\",\"width_large\":\"1-4\",\"width_medium\":\"1-2\",\"width_small\":\"1-2\"},\"children\":[{\"type\":\"panel\",\"props\":{\"content_column_breakpoint\":\"m\",\"icon_width\":80,\"image\":\"wp-content\\\/uploads\\\/2025\\\/10\\\/jan_berger_BAG.jpg\",\"image_align\":\"top\",\"image_box_shadow\":\"medium\",\"image_grid_breakpoint\":\"m\",\"image_grid_width\":\"1-2\",\"image_height\":\"780\",\"image_hover_box_shadow\":\"large\",\"image_link\":true,\"image_svg_color\":\"emphasis\",\"image_width\":\"609\",\"link_style\":\"default\",\"link_text\":\"\",\"margin\":\"default\",\"meta\":\"Gr\\u00fcnder und CEO von Themis Foresight\\\/Berlin, Zukunftsforscher und Autor\",\"meta_align\":\"below-title\",\"meta_color\":\"muted\",\"meta_element\":\"div\",\"meta_margin\":\"remove\",\"meta_style\":\"\",\"title\":\"Keyspeaker Jan Berger\",\"title_align\":\"top\",\"title_element\":\"h3\",\"title_grid_breakpoint\":\"m\",\"title_grid_width\":\"1-2\",\"title_hover_style\":\"reset\",\"title_link\":true}}]},{\"type\":\"column\",\"props\":{\"image_position\":\"center-center\",\"position_sticky_breakpoint\":\"m\",\"width_large\":\"1-4\",\"width_medium\":\"1-2\",\"width_small\":\"1-2\"},\"children\":[{\"type\":\"panel\",\"props\":{\"content_column_breakpoint\":\"m\",\"icon_width\":80,\"image\":\"wp-content\\\/uploads\\\/2025\\\/10\\\/TraSaar_Foto_Louisa-Schlang-scaled.jpg\",\"image_align\":\"top\",\"image_box_shadow\":\"medium\",\"image_grid_breakpoint\":\"m\",\"image_grid_width\":\"1-2\",\"image_height\":\"780\",\"image_hover_box_shadow\":\"large\",\"image_link\":true,\"image_svg_color\":\"emphasis\",\"image_width\":\"608\",\"link_style\":\"default\",\"link_text\":\"\",\"margin\":\"default\",\"meta\":\"ausgezeichnet als beste Nachwuchsmoderatorin 2022 bundesweit\",\"meta_align\":\"below-title\",\"meta_color\":\"muted\",\"meta_element\":\"div\",\"meta_margin\":\"remove\",\"meta_style\":\"\",\"title\":\"Moderatorin Louisa Schlang\",\"title_align\":\"top\",\"title_element\":\"h3\",\"title_grid_breakpoint\":\"m\",\"title_grid_width\":\"1-2\",\"title_hover_style\":\"reset\",\"title_link\":true}}]},{\"type\":\"column\",\"props\":{\"image_position\":\"center-center\",\"position_sticky_breakpoint\":\"m\",\"width_large\":\"1-4\",\"width_medium\":\"1-2\",\"width_small\":\"1-2\"}},{\"type\":\"column\",\"props\":{\"image_position\":\"center-center\",\"position_sticky_breakpoint\":\"m\",\"width_large\":\"1-4\",\"width_medium\":\"1-2\",\"width_small\":\"1-2\"}}]},{\"type\":\"row\",\"props\":{\"layout\":\"1-4,1-4,1-4,1-4|1-2,1-2,1-2,1-2\"},\"children\":[{\"type\":\"column\",\"props\":{\"image_position\":\"center-center\",\"position_sticky_breakpoint\":\"m\",\"width_large\":\"1-4\",\"width_medium\":\"1-2\",\"width_small\":\"1-2\"}},{\"type\":\"column\",\"props\":{\"image_position\":\"center-center\",\"position_sticky_breakpoint\":\"m\",\"width_large\":\"1-4\",\"width_medium\":\"1-2\",\"width_small\":\"1-2\"}},{\"type\":\"column\",\"props\":{\"image_position\":\"center-center\",\"position_sticky_breakpoint\":\"m\",\"width_large\":\"1-4\",\"width_medium\":\"1-2\",\"width_small\":\"1-2\"}},{\"type\":\"column\",\"props\":{\"image_position\":\"center-center\",\"position_sticky_breakpoint\":\"m\",\"width_large\":\"1-4\",\"width_medium\":\"1-2\",\"width_small\":\"1-2\"}}]}]},{\"name\":\"Location\",\"type\":\"section\",\"props\":{\"animation\":\"slide-bottom-medium\",\"animation_delay\":\"200\",\"id\":\"location\",\"image_effect\":\"fixed\",\"image_position\":\"top-right\",\"media_visibility\":\"m\",\"padding\":\"large\",\"padding_remove_top\":false,\"style\":\"muted\",\"title_breakpoint\":\"xl\",\"title_position\":\"top-left\",\"title_rotation\":\"left\",\"vertical_align\":\"\",\"width\":\"default\"},\"children\":[{\"type\":\"row\",\"props\":{\"layout\":\"1-3,2-3\"},\"children\":[{\"type\":\"column\",\"props\":{\"image_position\":\"center-center\",\"position_sticky_breakpoint\":\"m\",\"width_medium\":\"1-3\"},\"children\":[{\"type\":\"headline\",\"props\":{\"content\":\"Location\",\"title_element\":\"h2\",\"title_style\":\"h1\"}},{\"type\":\"divider\",\"props\":{\"divider_element\":\"hr\",\"divider_style\":\"small\"}},{\"type\":\"text\",\"props\":{\"column_breakpoint\":\"m\",\"content\":\"\n\n<p><span style=\\\"font-weight: bold;\\\">Aula Sulzbach<\\\/span> <br \\\/>G\\u00e4rtnerstra\\u00dfe 12<br\\\/>\\n\\n66280 Sulzbach\\\/Saar<br \\\/><span style=\\\"font-weight: bold;\\\"><a href=\\\"https:\\\/\\\/www.google.com\\\/maps\\\/dir\\\/49.627136,8.6081536\\\/Aula+Sulzbach,+G%C3%A4rtnerstra%C3%9Fe+12,+66280+Sulzbach%2FSaar\\\/@49.4276942,7.5309473,10z\\\/data=!3m1!5s0x4795a86047b48693:0x82fce325610ed0b6!4m9!4m8!1m1!4e1!1m5!1m1!1s0x4795b79ae26937a7:0xb55716999cd60022!2m2!1d7.0586876!2d49.3003825?entry=ttu&g_ep=EgoyMDI1MTAwOC4wIKXMDSoASAFQAw%3D%3D\\\" target=\\\"_blank\\\" rel=\\\"noopener\\\">Anfahrtsskizze \\u00f6ffnen<\\\/a><\\\/span><\\\/p>\",\"margin\":\"default\",\"text_style\":\"lead\"}}]},{\"type\":\"column\",\"props\":{\"image_position\":\"center-center\",\"position_sticky_breakpoint\":\"m\",\"width_medium\":\"2-3\"},\"children\":[{\"type\":\"image\",\"props\":{\"image\":\"wp-content\\\/uploads\\\/2025\\\/10\\\/Aula-Sulzbach.jpg\",\"image_alt\":\"location_comp\",\"image_box_shadow\":\"xlarge\",\"image_focal_point\":\"top-center\",\"image_height\":600,\"image_svg_color\":\"emphasis\",\"image_width\":600,\"margin\":\"default\",\"text_align\":\"right\"}},{\"type\":\"text\",\"props\":{\"column_breakpoint\":\"m\",\"content\":\"Bitte beachten Sie die begrenzten Parkm\\u00f6glichkeiten. Wir empfehlen Ihnen daher die Anreise mit \\u00f6ffentlichen Verkehrsmitteln.\",\"margin\":\"default\",\"status\":\"disabled\",\"text_style\":\"lead\"}}]}]}]},{\"name\":\"Sponsors\",\"type\":\"section\",\"props\":{\"header_transparent\":true,\"header_transparent_text_color\":\"dark\",\"image_effect\":\"parallax\",\"image_loading\":true,\"image_parallax_bgy\":\"0,500\",\"image_parallax_breakpoint\":\"m\",\"image_parallax_easing\":\"1\",\"image_position\":\"center-center\",\"image_size\":\"contain\",\"media_visibility\":\"s\",\"padding_remove_top\":true,\"style\":\"default\",\"text_color\":\"light\",\"title_breakpoint\":\"xl\",\"title_position\":\"top-left\",\"title_rotation\":\"left\",\"vertical_align\":\"\",\"width\":\"\"},\"children\":[{\"type\":\"row\",\"children\":[{\"type\":\"column\",\"props\":{\"image\":\"wp-content\\\/uploads\\\/2023\\\/03\\\/bg-header-large-scaled.jpg\",\"image_position\":\"center-center\",\"image_size\":\"cover\",\"position_sticky_breakpoint\":\"m\",\"text_color\":\"light\",\"vertical_align\":\"middle\"},\"children\":[{\"type\":\"headline\",\"props\":{\"content\":\"Partner\",\"css\":\"@media (min-width: 1025px) {\\n.el-element {\\npadding-left: 50px;\\n\\n}\\n}\",\"maxwidth\":\"medium\",\"title_element\":\"div\",\"title_style\":\"h1\"}},{\"type\":\"divider\",\"props\":{\"css\":\"@media (min-width: 1025px) {\\n    .el-element {\\npadding-left: 50px;\\n\\n}}\\n\",\"divider_element\":\"div\",\"divider_style\":\"small\"}},{\"type\":\"grid\",\"props\":{\"class\":\"uk-visible@l\",\"content_column_breakpoint\":\"m\",\"css\":\"@media (min-width: 1025px) {\\n    .el-element {\\npadding-left: 50px;\\nwidth: 75%;\\nfloat: left;\\n}\\n}\\n@media (min-width: 720px) and (max-width: 1024px) {\\n.el-element {\\nwidth: 75%;\\nfloat: left;\\n}\\n}\",\"filter_align\":\"left\",\"filter_all\":true,\"filter_grid_breakpoint\":\"m\",\"filter_grid_width\":\"auto\",\"filter_position\":\"top\",\"filter_style\":\"tab\",\"grid_default\":\"2\",\"grid_large\":\"3\",\"grid_medium\":\"3\",\"icon_width\":80,\"image_align\":\"top\",\"image_grid_breakpoint\":\"m\",\"image_grid_width\":\"1-2\",\"image_svg_color\":\"emphasis\",\"item_animation\":true,\"lightbox_bg_close\":true,\"link_style\":\"default\",\"link_text\":\"Read more\",\"margin\":\"medium\",\"margin_remove_bottom\":false,\"meta_align\":\"below-title\",\"meta_element\":\"div\",\"meta_style\":\"text-meta\",\"parallax_easing\":\"1\",\"show_content\":true,\"show_hover_image\":true,\"show_hover_video\":true,\"show_image\":true,\"show_link\":true,\"show_meta\":true,\"show_title\":true,\"show_video\":true,\"text_align\":\"left\",\"title_align\":\"top\",\"title_element\":\"h3\",\"title_grid_breakpoint\":\"m\",\"title_grid_width\":\"1-2\",\"title_hover_style\":\"reset\"},\"children\":[{\"type\":\"grid_item\",\"props\":{\"content\":\"\",\"image\":\"wp-content\\\/uploads\\\/2023\\\/03\\\/autoregion_4c_neg-1.svg\",\"image_alt\":\"autoregion_4c_neg 1\",\"meta\":\"\",\"title\":\"\"}},{\"type\":\"grid_item\",\"props\":{\"content\":\"\",\"image\":\"wp-content\\\/uploads\\\/2023\\\/03\\\/AK_Logo_2016_4c_neg-1.svg\",\"image_alt\":\"AK_Logo_2016_4c_neg 1\",\"meta\":\"\",\"title\":\"\"}},{\"type\":\"grid_item\",\"props\":{\"content\":\"\",\"image\":\"wp-content\\\/uploads\\\/2023\\\/03\\\/TWS-Saar-Logo-Auswahl_neg-1.svg\",\"image_alt\":\"TWS Saar Logo Auswahl_neg 1\",\"meta\":\"\",\"title\":\"\"}},{\"type\":\"grid_item\",\"props\":{\"content\":\"\",\"image\":\"wp-content\\\/uploads\\\/2023\\\/03\\\/GETS-Logo-RGB-weiss-mit-1.svg\",\"image_alt\":\"GETS Logo RGB weiss mit 1\",\"meta\":\"\",\"title\":\"\"}},{\"type\":\"grid_item\",\"props\":{\"content\":\"\",\"image\":\"wp-content\\\/uploads\\\/2023\\\/03\\\/IHKSaarland_neg-1.png\",\"image_alt\":\"IHKSaarland_neg 1\",\"meta\":\"\",\"title\":\"\"}},{\"type\":\"grid_item\",\"props\":{\"content\":\"\",\"image\":\"wp-content\\\/uploads\\\/2023\\\/03\\\/ZeMA-Logo-Unterzeile_neg-1.png\",\"image_alt\":\"ZeMA-Logo-Unterzeile_neg 1\",\"meta\":\"\",\"title\":\"\"}},{\"type\":\"grid_item\",\"props\":{\"content\":\"\",\"image\":\"wp-content\\\/uploads\\\/2023\\\/03\\\/Ministerium-MWIDE-neg-01-1.png\",\"image_alt\":\"Ministerium MWIDE neg-01 1\",\"meta\":\"\",\"title\":\"\"}},{\"type\":\"grid_item\",\"props\":{\"content\":\"\",\"image\":\"wp-content\\\/uploads\\\/2025\\\/11\\\/MinisteriumfuerSoziales.png\",\"image_alt\":\"Ministerium fuer Arbeit, Soziales, Frauen und Gesundheit\",\"meta\":\"\",\"title\":\"\"}},{\"type\":\"grid_item\",\"props\":{\"content\":\"\",\"image\":\"wp-content\\\/uploads\\\/2023\\\/03\\\/VDI-VDE-IT-LOGO_weiss-1.png\",\"image_alt\":\"VDI-VDE-IT-LOGO_weiss 1\",\"meta\":\"\",\"title\":\"\"}}]},{\"type\":\"grid\",\"props\":{\"class\":\"uk-hidden@l\",\"content_column_breakpoint\":\"m\",\"css\":\"@media (min-width: 1025px) {\\n    .el-element {\\npadding-left: 50px;\\nwidth: 75%;\\nfloat: left;\\n}\\n}\\n@media (min-width: 720px) and (max-width: 1024px) {\\n.el-element {\\nwidth: 75%;\\nfloat: left;\\n}\\n}\",\"filter_align\":\"left\",\"filter_all\":true,\"filter_grid_breakpoint\":\"m\",\"filter_grid_width\":\"auto\",\"filter_position\":\"top\",\"filter_style\":\"tab\",\"grid_default\":\"2\",\"grid_large\":\"4\",\"grid_medium\":\"3\",\"icon_width\":80,\"image_align\":\"top\",\"image_grid_breakpoint\":\"m\",\"image_grid_width\":\"1-2\",\"image_svg_color\":\"emphasis\",\"item_animation\":true,\"lightbox_bg_close\":true,\"link_style\":\"default\",\"link_text\":\"Read more\",\"margin\":\"medium\",\"margin_remove_bottom\":true,\"meta_align\":\"below-title\",\"meta_element\":\"div\",\"meta_style\":\"text-meta\",\"parallax_easing\":\"1\",\"show_content\":true,\"show_hover_image\":true,\"show_hover_video\":true,\"show_image\":true,\"show_link\":true,\"show_meta\":true,\"show_title\":true,\"show_video\":true,\"text_align\":\"left\",\"title_align\":\"top\",\"title_element\":\"h3\",\"title_grid_breakpoint\":\"m\",\"title_grid_width\":\"1-2\",\"title_hover_style\":\"reset\"},\"children\":[{\"type\":\"grid_item\",\"props\":{\"content\":\"\",\"image\":\"wp-content\\\/uploads\\\/2023\\\/03\\\/autoregion_4c_neg-1.svg\",\"image_alt\":\"autoregion_4c_neg 1\",\"meta\":\"\",\"title\":\"\"}},{\"type\":\"grid_item\",\"props\":{\"content\":\"\",\"image\":\"wp-content\\\/uploads\\\/2023\\\/03\\\/AK_Logo_2016_4c_neg-1.svg\",\"image_alt\":\"AK_Logo_2016_4c_neg 1\",\"meta\":\"\",\"title\":\"\"}},{\"type\":\"grid_item\",\"props\":{\"content\":\"\",\"image\":\"wp-content\\\/uploads\\\/2023\\\/03\\\/TWS-Saar-Logo-Auswahl_neg-1.svg\",\"image_alt\":\"TWS Saar Logo Auswahl_neg 1\",\"meta\":\"\",\"title\":\"\"}},{\"type\":\"grid_item\",\"props\":{\"content\":\"\",\"image\":\"wp-content\\\/uploads\\\/2023\\\/03\\\/GETS-Logo-RGB-weiss-mit-1.svg\",\"image_alt\":\"GETS Logo RGB weiss mit 1\",\"meta\":\"\",\"title\":\"\"}},{\"type\":\"grid_item\",\"props\":{\"content\":\"\",\"image\":\"wp-content\\\/uploads\\\/2023\\\/03\\\/IHKSaarland_neg-1.png\",\"image_alt\":\"IHKSaarland_neg 1\",\"meta\":\"\",\"title\":\"\"}},{\"type\":\"grid_item\",\"props\":{\"content\":\"\",\"image\":\"wp-content\\\/uploads\\\/2023\\\/03\\\/ZeMA-Logo-Unterzeile_neg-1.png\",\"image_alt\":\"ZeMA-Logo-Unterzeile_neg 1\",\"meta\":\"\",\"title\":\"\"}},{\"type\":\"grid_item\",\"props\":{\"content\":\"\",\"image\":\"wp-content\\\/uploads\\\/2023\\\/03\\\/Ministerium-MWIDE-neg-01-1.png\",\"image_alt\":\"Ministerium MWIDE neg-01 1\",\"meta\":\"\",\"title\":\"\"}},{\"type\":\"grid_item\",\"props\":{\"content\":\"\",\"image\":\"wp-content\\\/uploads\\\/2025\\\/11\\\/MinisteriumfuerSoziales.png\",\"image_alt\":\"ZeMA-Logo-Unterzeile_neg 1\",\"meta\":\"\",\"title\":\"\"}},{\"type\":\"grid_item\",\"props\":{\"content\":\"\",\"image\":\"wp-content\\\/uploads\\\/2023\\\/03\\\/VDI-VDE-IT-LOGO_weiss-1.png\",\"image_alt\":\"VDI-VDE-IT-LOGO_weiss 1\",\"meta\":\"\",\"title\":\"\"}}]},{\"type\":\"image\",\"props\":{\"css\":\"@media (min-width: 720px) {\\n.el-element {\\nwidth: 20%;\\nfloat: right;\\n}\\n\\n}\\n@media (max-width: 719px) {\\n   .el-element {\\nwidth: 50%;\\nmargin: 0 auto;\\n}\\n    }\",\"image\":\"wp-content\\\/uploads\\\/2025\\\/10\\\/Bundesministerium-fuer-Wirtschaft-und-Energie_idVhOFDXVY_0.png\",\"image_alt\":\"Darstellung des Logos des Bundesministerium fu\\u0308r Wirtschaft und Energie\",\"image_svg_color\":\"emphasis\",\"margin\":\"medium\",\"margin_remove_bottom\":false}}]}],\"props\":{\"column_gap\":\"collapse\",\"row_gap\":\"collapse\",\"width\":\"xlarge\"}}]}],\"version\":\"4.5.31\",\"yooessentialsVersion\":\"2.2.16\"} --><\/p>\n","protected":false},"excerpt":{"rendered":"<p>Das Saarland in der industriellen Transformation \u2013 Herausforderungen, Auswirkungen und Chancen 14.11.2025 I Aula Sulzbach Wir laden Sie herzlich zu unserer Jahresveranstaltung ein.Beginn: 13:00 Uhr (Einlass 12:00 Uhr) Das Transformationsnetzwerk TraSaar l\u00e4dt zur JahresveranstaltungBeginn: 14.00 Uhr (Einlass: 13.00 Uhr) mit anschlie\u00dfendem Get together Jetzt anmelden! Jetzt anmelden! Jetzt anmelden! Das Projekt Das Saarland steht heute [&hellip;]<\/p>\n","protected":false},"author":1,"featured_media":0,"parent":0,"menu_order":0,"comment_status":"closed","ping_status":"closed","template":"","meta":{"_acf_changed":false,"footnotes":""},"class_list":["post-1694","page","type-page","status-publish","hentry"],"acf":[],"_links":{"self":[{"href":"https:\/\/trasaar.saarland\/event\/wp-json\/wp\/v2\/pages\/1694","targetHints":{"allow":["GET"]}}],"collection":[{"href":"https:\/\/trasaar.saarland\/event\/wp-json\/wp\/v2\/pages"}],"about":[{"href":"https:\/\/trasaar.saarland\/event\/wp-json\/wp\/v2\/types\/page"}],"author":[{"embeddable":true,"href":"https:\/\/trasaar.saarland\/event\/wp-json\/wp\/v2\/users\/1"}],"replies":[{"embeddable":true,"href":"https:\/\/trasaar.saarland\/event\/wp-json\/wp\/v2\/comments?post=1694"}],"version-history":[{"count":59,"href":"https:\/\/trasaar.saarland\/event\/wp-json\/wp\/v2\/pages\/1694\/revisions"}],"predecessor-version":[{"id":1777,"href":"https:\/\/trasaar.saarland\/event\/wp-json\/wp\/v2\/pages\/1694\/revisions\/1777"}],"wp:attachment":[{"href":"https:\/\/trasaar.saarland\/event\/wp-json\/wp\/v2\/media?parent=1694"}],"curies":[{"name":"wp","href":"https:\/\/api.w.org\/{rel}","templated":true}]}}